{"id":1558,"date":"2025-08-13T10:51:28","date_gmt":"2025-08-13T10:51:28","guid":{"rendered":"https:\/\/fototage.pirmasens.org\/?page_id=1558"},"modified":"2025-08-13T12:29:57","modified_gmt":"2025-08-13T12:29:57","slug":"multivisionsshows","status":"publish","type":"page","link":"https:\/\/fototage.pirmasens.org\/?page_id=1558","title":{"rendered":"Multivisionsshows"},"content":{"rendered":"\n<figure class=\"wp-block-table is-style-regular\"><table><tbody><tr><td><em>Der Eintritt f\u00fcr die Multivisionsshows ist in den<\/em> <a href=\"https:\/\/www.ticket-regional.de\/stage_1006.php?timeID=1063346\" data-type=\"URL\" data-id=\"https:\/\/www.ticket-regional.de\/stage_1006.php?timeID=1063346\" target=\"_blank\" rel=\"noreferrer noopener\">Tagestickets <\/a><em>bzw.<\/em> <a href=\"https:\/\/www.ticket-regional.de\/stage_1006.php?timeID=1063348\" data-type=\"URL\" data-id=\"https:\/\/www.ticket-regional.de\/stage_1006.php?timeID=1063348\" target=\"_blank\" rel=\"noreferrer noopener\">Kombitickets<\/a> <em>enthalten.<\/em>*<\/td><td><em>25 \u20ac pro Tag<\/em> \/<br>4<em>0 \u20ac f\u00fcr beide Tage<\/em><\/td><\/tr><tr><td><em>* ausgenommen: <a href=\"https:\/\/www.ticket-regional.de\/stage_1006.php?timeID=1063345\" data-type=\"URL\" data-id=\"https:\/\/www.ticket-regional.de\/stage_1006.php?timeID=1063345\" target=\"_blank\" rel=\"noreferrer noopener\">Multivisionsshow &#8222;TERRA&#8220;<\/a> am 22. November 2025, um 19.30 Uhr<\/em><\/td><td><em>34 \u20ac<\/em><\/td><\/tr><\/tbody><\/table><\/figure>\n\n\n\n<p class=\"has-text-align-center has-white-color has-text-color has-background has-link-color wp-elements-8cd911990573d794af282add22f4f59d\" style=\"background-color:#805ba9;font-size:30px\"><strong>FREITAG, 21. NOVEMBER 2025<\/strong><\/p>\n\n\n\n<p class=\"has-white-color has-text-color has-background has-link-color has-medium-font-size wp-elements-71113b2284a9ee8661bad69f45a679b1\" style=\"background-color:#805ba9\">20.00 Uhr<br><strong>\u201eEiswelten \u2013 30 Jahre polare Welten\u201c<\/strong> von und mit Norbert Rosing<\/p>\n\n\n\n<p>Angefangen hat es mit einer Zugfahrt per Interrail nach Finnland in den fr\u00fchen 1970er-Jahren. Bei offenen T\u00fcren sa\u00df <strong>Norbert Rosing<\/strong> w\u00e4hrend der Fahrt drau\u00dfen und lie\u00df die endlosen Seen und W\u00e4lder Finnlands an sich vorbei gleiten. Auf dieser Fahrt entstand seine Leidenschaft \u201eNorden\u201c.<\/p>\n\n\n\n<p>Der n\u00e4chste gro\u00dfe Schritt war 1981 der erste Flug nach Kanada, der ihn bis zur Eismeerk\u00fcste nach Nordkanada f\u00fchrte. Ende der 1980er-Jahre startete er mit dem Projekt \u201eIm Reich der Eisb\u00e4ren\u201c. Churchill an der Hudson Bay sollte f\u00fcr fast zwanzig Jahre eine Art zweites Zuhause werden. Hier verfiel Norbert Rosing den Eiswelten der n\u00f6rdlichen Hemisph\u00e4re, fotografierte Eisb\u00e4ren, Polarf\u00fcchse, Moschusochsen, Landschaften, Lichtph\u00e4nomene und vieles mehr in diesen unglaublichen Landschaften.<\/p>\n\n\n\n<figure class=\"wp-block-image size-full\"><img loading=\"lazy\" decoding=\"async\" width=\"1000\" height=\"659\" src=\"http:\/\/fototage.pirmasens.org\/wp-content\/uploads\/2025\/06\/NorbertRosing_Vortrag_1.jpg\" alt=\"\" class=\"wp-image-1298\" srcset=\"https:\/\/fototage.pirmasens.org\/wp-content\/uploads\/2025\/06\/NorbertRosing_Vortrag_1.jpg 1000w, https:\/\/fototage.pirmasens.org\/wp-content\/uploads\/2025\/06\/NorbertRosing_Vortrag_1-300x198.jpg 300w, https:\/\/fototage.pirmasens.org\/wp-content\/uploads\/2025\/06\/NorbertRosing_Vortrag_1-768x506.jpg 768w, https:\/\/fototage.pirmasens.org\/wp-content\/uploads\/2025\/06\/NorbertRosing_Vortrag_1-648x427.jpg 648w, https:\/\/fototage.pirmasens.org\/wp-content\/uploads\/2025\/06\/NorbertRosing_Vortrag_1-291x192.jpg 291w\" sizes=\"auto, (max-width: 1000px) 100vw, 1000px\" \/><figcaption class=\"wp-element-caption\">\u00a9 Norbert Rosing<\/figcaption><\/figure>\n\n\n\n<p>Inzwischen f\u00fchrte Norbert Rosing seine Leidenschaft auch zu den riesigen Eisbergen an der West- und Ostk\u00fcste Gr\u00f6nlands und zu den spitzen Bergen (Spitzbergen) von Svalbard.<\/p>\n\n\n\n<figure class=\"wp-block-image size-full\"><img loading=\"lazy\" decoding=\"async\" width=\"1000\" height=\"662\" src=\"http:\/\/fototage.pirmasens.org\/wp-content\/uploads\/2025\/06\/NorbertRosing_Vortrag_2.jpg\" alt=\"\" class=\"wp-image-1299\" srcset=\"https:\/\/fototage.pirmasens.org\/wp-content\/uploads\/2025\/06\/NorbertRosing_Vortrag_2.jpg 1000w, https:\/\/fototage.pirmasens.org\/wp-content\/uploads\/2025\/06\/NorbertRosing_Vortrag_2-300x199.jpg 300w, https:\/\/fototage.pirmasens.org\/wp-content\/uploads\/2025\/06\/NorbertRosing_Vortrag_2-768x508.jpg 768w, https:\/\/fototage.pirmasens.org\/wp-content\/uploads\/2025\/06\/NorbertRosing_Vortrag_2-648x429.jpg 648w, https:\/\/fototage.pirmasens.org\/wp-content\/uploads\/2025\/06\/NorbertRosing_Vortrag_2-290x192.jpg 290w\" sizes=\"auto, (max-width: 1000px) 100vw, 1000px\" \/><figcaption class=\"wp-element-caption\">\u00a9 Norbert Rosing<\/figcaption><\/figure>\n\n\n\n<p>Erst vor drei Jahren bot sich ihm die Gelegenheit, auch die Pinguine auf der s\u00fcdlichen Halbkugel des Planeten zu besuchen, und er war \u00fcberw\u00e4ltigt von dem Reichtum an Leben und der Wildheit der Landschaften und des Meeres.<\/p>\n\n\n\n<p>Norbert Rosings Wunsch: den G\u00e4sten etwas von seiner Lebenszeit <\/p>\n\n\n\n<hr class=\"wp-block-separator has-alpha-channel-opacity\"\/>\n\n\n\n<p class=\"has-text-align-center has-white-color has-text-color has-background has-link-color wp-elements-4646ac9c387dbc548bd3a613a4b640b0\" style=\"background-color:#2397a6;font-size:30px\"><strong>SAMSTAG, 22. NOVEMBER 2025<\/strong><\/p>\n\n\n\n<p class=\"has-white-color has-text-color has-background has-link-color has-medium-font-size wp-elements-8bec7955d489ec2df411cf29d8d64bbc\" style=\"background-color:#2397a6\">10.30 &#8211; 11.30 Uhr<br><strong>\u201eEintauchen in faszinierende Welten bunter Felsen, malerischer Weiher, wilder W\u00e4lder der S\u00fcdwestpfalz\u201c <\/strong>von Hartmut Eckstein<\/p>\n\n\n\n<p>Die Multivision entstand im Rahmen eines mehrj\u00e4hrigen Fotoprojekts im Biosph\u00e4renreservat Pf\u00e4lzerwald Nordvogesen. Durch Beschr\u00e4nkung auf 15 km um Ludwigswinkel kann&nbsp;<strong>Hartmut Eckstein<\/strong>&nbsp;mit e-Bike und zu Fu\u00df interessante Orte erreichen, langsam unterwegs sein, Neues entdecken, wiederkehren und sich f\u00fcr Motive und Bildkomposition Zeit nehmen. Dar\u00fcber hinaus m\u00f6chte er eigene fotografische Akzente setzen und hat daf\u00fcr besonderen Themen gefunden: die Quellen von Sauerbach und Fischbach, ein Felsenatelier, Wald-Wassergeister, einen \u201eLost Place\u201c und die Landschaftsfotografie bei Nacht.<\/p>\n\n\n\n<figure class=\"wp-block-image\"><img loading=\"lazy\" decoding=\"async\" width=\"640\" height=\"426\" src=\"http:\/\/fototage.pirmasens.org\/wp-content\/uploads\/2025\/06\/HartmutEckstein_Foto_web.jpg\" alt=\"\" class=\"wp-image-1282\" srcset=\"https:\/\/fototage.pirmasens.org\/wp-content\/uploads\/2025\/06\/HartmutEckstein_Foto_web.jpg 640w, https:\/\/fototage.pirmasens.org\/wp-content\/uploads\/2025\/06\/HartmutEckstein_Foto_web-300x200.jpg 300w, https:\/\/fototage.pirmasens.org\/wp-content\/uploads\/2025\/06\/HartmutEckstein_Foto_web-288x192.jpg 288w\" sizes=\"auto, (max-width: 640px) 100vw, 640px\" \/><figcaption class=\"wp-element-caption\">\u00a9 Hartmut Eckstein<\/figcaption><\/figure>\n\n\n\n<p class=\"has-white-color has-text-color has-background has-link-color has-medium-font-size wp-elements-0e78631700f68b690575daff29ebcd4e\" style=\"background-color:#2397a6\">12.00 &#8211; 13.00 Uhr<br><strong>\u201eZwischen Rum und Riffs \u2013 Eine fotografische Reise durch Kubas Metal-Szene\u201c <\/strong>von Thomas B. Jones<\/p>\n\n\n\n<p>Kuba und Heavy Metal \u2013 zwei Welten, die auf den ersten Blick kaum gegens\u00e4tzlicher sein k\u00f6nnten. Doch genau hier setzt Fotograf&nbsp;<strong>Thomas B. Jones<\/strong>&nbsp;an: In seiner Fotoreportage taucht er tief in eine Szene ein, die den meisten Touristen verborgen bleibt \u2013 die Underground-Metal-Szene der Karibikinsel. Mit im Gep\u00e4ck: faszinierende Geschichten, eindrucksvolle Bilder und \u00fcberraschende Einblicke \u2013 darunter auch, wie eine zu enge Skinny Jeans zum Eintrittsticket f\u00fcr ein Metal-Konzert wurde.<\/p>\n\n\n\n<figure class=\"wp-block-image\"><img loading=\"lazy\" decoding=\"async\" width=\"639\" height=\"425\" src=\"http:\/\/fototage.pirmasens.org\/wp-content\/uploads\/2025\/06\/ThomasBJones_Foto_web.jpg\" alt=\"\" class=\"wp-image-1293\" srcset=\"https:\/\/fototage.pirmasens.org\/wp-content\/uploads\/2025\/06\/ThomasBJones_Foto_web.jpg 639w, https:\/\/fototage.pirmasens.org\/wp-content\/uploads\/2025\/06\/ThomasBJones_Foto_web-300x200.jpg 300w, https:\/\/fototage.pirmasens.org\/wp-content\/uploads\/2025\/06\/ThomasBJones_Foto_web-289x192.jpg 289w\" sizes=\"auto, (max-width: 639px) 100vw, 639px\" \/><figcaption class=\"wp-element-caption\">\u00a9 Thomas B. Jones<\/figcaption><\/figure>\n\n\n\n<p>Der Vortrag erz\u00e4hlt von einer Subkultur, die gepr\u00e4gt ist von Improvisation, Solidarit\u00e4t und Kreativit\u00e4t \u2013 und von Musikern, die trotz Stromausf\u00e4llen, Materialmangel und staatlicher Kontrolle nicht aufh\u00f6ren, laut zu sein. Mit Neugier und Respekt dokumentiert er einen gelebten Widerstand zwischen DIY-Spirit und Systemgrenzen \u2013 mal rau, mal komisch, aber immer echt.<\/p>\n\n\n\n<p>Ob Corpse Paint in farbenfrohen Jazzclubs, Bandproben in Garagen ohne Schallschutz oder Konzerte unter Auflagen der staatlichen Rock-Agentur: Diese Szene ist weit mehr als ein musikalisches Randph\u00e4nomen. Sie ist Ausdruck eines ungebrochenen Willens zur Freiheit und kulturellen Selbstbehauptung in einem widerspr\u00fcchlichen, faszinierenden Land.<\/p>\n\n\n\n<p>\u201eZwischen Rum und Riffs\u201c ist ein visuell kraftvoller, tiefgr\u00fcndiger und gleichzeitig unterhaltsamer Vortrag \u00fcber die Macht der Musik \u2013 und eine Einladung, Subkulturen dort zu entdecken, wo man sie am wenigsten vermutet.<\/p>\n\n\n\n<p><\/p>\n\n\n\n<p class=\"has-white-color has-text-color has-background has-link-color has-medium-font-size wp-elements-09ca191b95741f217c876799fc90926f\" style=\"background-color:#2397a6\">13.30 &#8211; 15.30 Uhr<br><strong>\u201eMeine tierischen Abenteuer: Kanada \u2013 Island \u2013 Mongolei\u201c <\/strong>von Beate Oswald<\/p>\n\n\n\n<p><strong>Beate Oswald&nbsp;<\/strong>liebt die K\u00e4lte \u2013 \u00fcber einen Zeitraum von sechs Jahren ist sie dreimal nach Nordkanada gereist, um Eisb\u00e4ren in ihrer nat\u00fcrlichen Umgebung zu beobachten sowie Schneeeulen in einem ihrer \u00dcberwinterungsgebiete in Ostkanada: jene Eulen, die bekannt sind f\u00fcr ihre \u00fcberraschend gelben Augen, ihr sch\u00f6nes wei\u00dfes Gefieder \u2013 und deren Angriff so lautlos kommt wie der Tod. Anschlie\u00dfend tauschte sie die minus 40 Grad in Kanada mit den Schneest\u00fcrmen Islands ein, um sich dort mit den scheuen, aber dennoch neugierigen Polarf\u00fcchsen anzufreunden.<\/p>\n\n\n\n<figure class=\"wp-block-image size-full\"><img loading=\"lazy\" decoding=\"async\" width=\"640\" height=\"426\" src=\"http:\/\/fototage.pirmasens.org\/wp-content\/uploads\/2025\/08\/BeateOswald_Foto_neu_web.jpg\" alt=\"\" class=\"wp-image-1579\" srcset=\"https:\/\/fototage.pirmasens.org\/wp-content\/uploads\/2025\/08\/BeateOswald_Foto_neu_web.jpg 640w, https:\/\/fototage.pirmasens.org\/wp-content\/uploads\/2025\/08\/BeateOswald_Foto_neu_web-300x200.jpg 300w, https:\/\/fototage.pirmasens.org\/wp-content\/uploads\/2025\/08\/BeateOswald_Foto_neu_web-288x192.jpg 288w\" sizes=\"auto, (max-width: 640px) 100vw, 640px\" \/><figcaption class=\"wp-element-caption\">\u00a9 Beate Oswald<\/figcaption><\/figure>\n\n\n\n<p>Im zweiten Teil ihrer Show nimmt sie das Publikum mit auf ihre spannenden Reisen in die Mongolei. Adlerj\u00e4ger f\u00fchren dort im \u00e4u\u00dfersten Westen des Landes ein entbehrungsreiches Nomadenleben. Seit Tausenden von Jahren erlegen sie ihre Beute mit Hilfe von Steinadlern \u2013 Adler, die Familienmitglied und eng verb\u00fcndeter Jagdpartner zugleich sind. Und die Mongolei hat noch viel mehr zu bieten. In den weiten Steppen lebt der Manul, eine Wildkatze, die f\u00fcr ihre scheinbar schlechte Laune Ber\u00fchmtheit erlangt hat. Aber nicht nur sie will Beate Oswald beobachten. Im kargen Altai-Gebirge begibt sie sich auf die beschwerliche Suche nach dem mystischen Schneeleoparden. Ob sie tats\u00e4chlich einen vor die Kamera bekommen hat? Das Publikum wird es in ihrem Vortrag erfahren.<\/p>\n\n\n\n<p>Neben Wissen und Humor kommen auch Beate Oswalds Erlebnisse nicht zu kurz. Die herausfordernde Suche nach dem perfekten Bild im rauen Klima des eisigen Nordens braucht auf alle F\u00e4lle eine solide Vorbereitung, eine positive Einstellung und ein Qu\u00e4ntchen Gl\u00fcck.<\/p>\n\n\n\n<p>Ihre kurzweilige Multivision illustriert Beate Oswald mit faszinierenden Kurzvideos und atemberaubenden Bildern. <br><strong>Ein Trailer des Vortrags macht schon mal neugierig:<\/strong><\/p>\n\n\n\n<figure class=\"wp-block-embed is-type-video is-provider-youtube wp-block-embed-youtube wp-embed-aspect-16-9 wp-has-aspect-ratio\"><div class=\"wp-block-embed__wrapper\">\n<iframe loading=\"lazy\" title=\"Beate Oswald &quot;Meine Tierischen Abenteuer, Teil 1 &amp; 2&quot;\" width=\"648\" height=\"365\" src=\"https:\/\/www.youtube.com\/embed\/3IhFm1w_kUY?feature=oembed\" frameborder=\"0\" allow=\"accelerometer; autoplay; clipboard-write; encrypted-media; gyroscope; picture-in-picture; web-share\" referrerpolicy=\"strict-origin-when-cross-origin\" allowfullscreen><\/iframe>\n<\/div><\/figure>\n\n\n\n<p class=\"has-white-color has-text-color has-background has-link-color has-medium-font-size wp-elements-77d6b69ad49acc6e0e4deefbb9bca9b6\" style=\"background-color:#2397a6\">16.00 &#8211; 18.00 Uhr<br><strong>\u201eReise zu den Enden der Welt\u201c<\/strong> von Michael Runkel<\/p>\n\n\n\n<p>Der international ausgezeichnete N\u00fcrnberger Reisefotograf&nbsp;<strong>Michael Runkel<\/strong>&nbsp;berichtet in seinem Vortrag \u201eReise zu den Enden der Welt\u201c von den entlegensten Orten der Erde und zeigt dazu atemberaubende Bilder. Es gibt rund 630 Menschen, die bisher im Weltall waren, aber nur rund 380, die alle L\u00e4nder der Welt bereist haben. Michael Runkel ist einer davon. Er hat nicht nur alle Staaten dieser Welt, sondern auch 1.230 von 1.301 aller weltweiten Provinzen fotografiert.<\/p>\n\n\n\n<figure class=\"wp-block-image\"><img loading=\"lazy\" decoding=\"async\" width=\"640\" height=\"360\" src=\"http:\/\/fototage.pirmasens.org\/wp-content\/uploads\/2025\/06\/MichaelRunkel_Foto_web1.jpg\" alt=\"\" class=\"wp-image-1312\" srcset=\"https:\/\/fototage.pirmasens.org\/wp-content\/uploads\/2025\/06\/MichaelRunkel_Foto_web1.jpg 640w, https:\/\/fototage.pirmasens.org\/wp-content\/uploads\/2025\/06\/MichaelRunkel_Foto_web1-300x169.jpg 300w, https:\/\/fototage.pirmasens.org\/wp-content\/uploads\/2025\/06\/MichaelRunkel_Foto_web1-341x192.jpg 341w\" sizes=\"auto, (max-width: 640px) 100vw, 640px\" \/><figcaption class=\"wp-element-caption\">\u00a9 Michael Runkel<\/figcaption><\/figure>\n\n\n\n<p>Seit \u00fcber 30 Jahren bereist und dokumentiert Michael Runkel unseren Planeten und zeigt in seinem Vortrag die unbekannten Enden einer sich schnell ver\u00e4ndernden Welt. Dabei wird er auch auf die vielf\u00e4ltigen globalen Herausforderungen unserer Umwelt eingehen und wie sie heute schon das Leben der Menschen beeinflussen.<\/p>\n\n\n\n<p><\/p>\n\n\n\n<p class=\"has-white-color has-text-color has-background has-link-color has-medium-font-size wp-elements-e1db43e678c9cd43835cfe24a39c1441\" style=\"background-color:#2397a6\">19.30 &#8211; 22.30 Uhr<br><strong>\u201eTERRA \u2013 ein fotografisches und geografisches Portr\u00e4t unserer Erde\u201c <\/strong>mit Michael Martin<\/p>\n\n\n\n<p>F\u00fcnf Jahre reiste&nbsp;<strong>Michael Martin<\/strong>&nbsp;mit der Kamera um die Welt und fotografierte in der Arktis, im Himalaya, in den Anden, im S\u00fcdpazifik, in Arabien, im Amazonasbecken, in den Savannen Ostafrikas sowie in der Taiga Sibiriens und den Steppen Zentralasiens. So entstanden zehn Gesichter der Erde, die neben faszinierenden Landschaften auch Tiere, Pflanzen und Kulturen in allen Klimazonen unserer Erde vorstellen.<\/p>\n\n\n\n<figure class=\"wp-block-image\"><img loading=\"lazy\" decoding=\"async\" width=\"640\" height=\"426\" src=\"http:\/\/fototage.pirmasens.org\/wp-content\/uploads\/2025\/06\/MichaelMartin_Foto_web.jpg\" alt=\"\" class=\"wp-image-1285\" srcset=\"https:\/\/fototage.pirmasens.org\/wp-content\/uploads\/2025\/06\/MichaelMartin_Foto_web.jpg 640w, https:\/\/fototage.pirmasens.org\/wp-content\/uploads\/2025\/06\/MichaelMartin_Foto_web-300x200.jpg 300w, https:\/\/fototage.pirmasens.org\/wp-content\/uploads\/2025\/06\/MichaelMartin_Foto_web-288x192.jpg 288w\" sizes=\"auto, (max-width: 640px) 100vw, 640px\" \/><\/figure>\n\n\n\n<figure class=\"wp-block-image\"><img loading=\"lazy\" decoding=\"async\" width=\"639\" height=\"426\" src=\"http:\/\/fototage.pirmasens.org\/wp-content\/uploads\/2025\/06\/MichaelMartin_Foto_web1.jpg\" alt=\"\" class=\"wp-image-1316\" srcset=\"https:\/\/fototage.pirmasens.org\/wp-content\/uploads\/2025\/06\/MichaelMartin_Foto_web1.jpg 639w, https:\/\/fototage.pirmasens.org\/wp-content\/uploads\/2025\/06\/MichaelMartin_Foto_web1-300x200.jpg 300w, https:\/\/fototage.pirmasens.org\/wp-content\/uploads\/2025\/06\/MichaelMartin_Foto_web1-288x192.jpg 288w\" sizes=\"auto, (max-width: 639px) 100vw, 639px\" \/><\/figure>\n\n\n\n<figure class=\"wp-block-image\"><img loading=\"lazy\" decoding=\"async\" width=\"639\" height=\"427\" src=\"http:\/\/fototage.pirmasens.org\/wp-content\/uploads\/2025\/06\/MichaelMartin_Foto_web2.jpg\" alt=\"\" class=\"wp-image-1317\" srcset=\"https:\/\/fototage.pirmasens.org\/wp-content\/uploads\/2025\/06\/MichaelMartin_Foto_web2.jpg 639w, https:\/\/fototage.pirmasens.org\/wp-content\/uploads\/2025\/06\/MichaelMartin_Foto_web2-300x200.jpg 300w, https:\/\/fototage.pirmasens.org\/wp-content\/uploads\/2025\/06\/MichaelMartin_Foto_web2-287x192.jpg 287w\" sizes=\"auto, (max-width: 639px) 100vw, 639px\" \/><\/figure>\n\n\n\n<p>\u00a9 alle Bilder: Michael Martin<\/p>\n\n\n\n<p>Michael Martin besch\u00e4ftigte sich neben den weltweiten, abenteuerlichen Reisen aber auch mit der Geschichte der Erde, die vor 4,5 Milliarden Jahren im Chaos entstand und sich zu einem Planeten voller Leben und Vielfalt entwickelte. Er macht deutlich, dass die Erde in der Bl\u00fcte ihrer Entwicklung stand, als der Mensch vor 180.000 Jahren die B\u00fchne des Lebens betrat und begann, sie zu gestalten und inzwischen auch zu zerst\u00f6ren.&nbsp;<\/p>\n\n\n\n<p>Michael Martins neue Multivision TERRA zeichnet das ganz gro\u00dfe Bild der Erde, sie ist eine Verneigung vor der Sch\u00f6nheit der Natur und dem Wunder des Lebens.<\/p>\n\n\n\n<hr class=\"wp-block-separator has-alpha-channel-opacity\"\/>\n\n\n\n<p class=\"has-text-align-center has-white-color has-text-color has-background has-link-color wp-elements-3bec3bdc2076b67775300f6bdad37a59\" style=\"background-color:#106584;font-size:30px\"><strong>SONNTAG, 23. NOVEMBER 2025<\/strong><\/p>\n\n\n\n<p class=\"has-white-color has-text-color has-background has-link-color has-medium-font-size wp-elements-711d282ed45fffd08d05393a55ee5686\" style=\"background-color:#106584\">10.30 &#8211; 11.30 Uhr<br><strong>\u201eNeuseeland \u2013 Eine Reise nach Mittelerde\u201c <\/strong>von Andr\u00e9 Straub<\/p>\n\n\n\n<p>Der Regisseur Peter Jackson wusste genau, warum er die Trilogie \u201eDer Herr der Ringe\u201c in Neuseeland gedreht hat \u2013&nbsp;<strong>Andr\u00e9 Straub<\/strong>&nbsp;nimmt sein Publikum mit auf eine bildgewaltige Reise durch dieses atemberaubende Land. Die abgelegenen beiden Hauptinseln, die sich nicht weit von der Antarktis befinden, unterliegen dem stetigen Wechsel der Jahreszeiten und dem umgebenden Pazifik. Viel Regen, Schnee und subtropisches Klima finden sich hier nah beieinander. Aber auch die geologische Vergangenheit geh\u00f6rt hier zur Gegenwart.<\/p>\n\n\n\n<figure class=\"wp-block-image\"><img loading=\"lazy\" decoding=\"async\" width=\"639\" height=\"424\" src=\"http:\/\/fototage.pirmasens.org\/wp-content\/uploads\/2025\/06\/AndreStraub_Foto_web1.jpg\" alt=\"\" class=\"wp-image-1330\" srcset=\"https:\/\/fototage.pirmasens.org\/wp-content\/uploads\/2025\/06\/AndreStraub_Foto_web1.jpg 639w, https:\/\/fototage.pirmasens.org\/wp-content\/uploads\/2025\/06\/AndreStraub_Foto_web1-300x199.jpg 300w, https:\/\/fototage.pirmasens.org\/wp-content\/uploads\/2025\/06\/AndreStraub_Foto_web1-289x192.jpg 289w\" sizes=\"auto, (max-width: 639px) 100vw, 639px\" \/><figcaption class=\"wp-element-caption\">\u00a9 Andr\u00e9 Straub<\/figcaption><\/figure>\n\n\n\n<p>An vielen Stellen kann man die Tiefe der Erde durch hei\u00dfe Quellen immer noch beobachten, Vulkane spucken regelm\u00e4\u00dfig ihre Lava in die Luft und Erdbeben geh\u00f6ren hier fast zum Alltag. Neuseeland bietet f\u00fcr jeden Besucher, der die lange Reise dorthin nicht scheut, tolle Begegnungen und eine grandiose Tier- und Pflanzenwelt.<\/p>\n\n\n\n<p><\/p>\n\n\n\n<p class=\"has-white-color has-text-color has-background has-link-color has-medium-font-size wp-elements-cc79e30454fa053b6b938e33aa008e5d\" style=\"background-color:#106584\">12.00 &#8211; 13.30 Uhr<br><strong>\u201eEuropa \u2013 Naturparadiese vor der Haust\u00fcr\u201c <\/strong>von Daniel Spohn<\/p>\n\n\n\n<p>Europa z\u00e4hlt zu den dicht besiedelten Kontinenten der Welt. Doch vor unserer Haust\u00fcr gibt es auch noch echte Naturparadiese, die die beiden saarl\u00e4ndischen Naturfotografen Christian M\u00fctterthies und&nbsp;<strong>Daniel Spohn<\/strong>&nbsp;magisch anziehen. Ihr fotografischer Weg ist stark von vermeintlich unber\u00fchrter Natur, Kleinstlebensr\u00e4umen und eher ungeliebten Tierarten gepr\u00e4gt. Neue Motivwelten weckten \u00fcber die Jahre Schritt f\u00fcr Schritt ihr Interesse und so zeigen die beiden in dieser neuen Live-Reportage und begleitenden Fotoausstellung ihre fotografische Auseinandersetzung mit unserer Umwelt und ihrer einzigartigen Flora und Fauna in Europa. So geht es von den Kulturlandschaften des Saarlandes zu den K\u00fcsten Madeiras, von der Kreuzotter in Deutschland zu den Braunb\u00e4ren in Slowenien, von technischen Herausforderungen wie der Fotografie von Nordlichtern in Norwegen hin zum kreativen Spiel mit Sch\u00e4rfe und Unsch\u00e4rfe im Mikrokosmos des Biosph\u00e4renreservates Bliesgau.<\/p>\n\n\n\n<figure class=\"wp-block-image\"><img loading=\"lazy\" decoding=\"async\" width=\"640\" height=\"425\" src=\"http:\/\/fototage.pirmasens.org\/wp-content\/uploads\/2025\/06\/DanielSpohn_Foto_web.jpg\" alt=\"\" class=\"wp-image-1280\" srcset=\"https:\/\/fototage.pirmasens.org\/wp-content\/uploads\/2025\/06\/DanielSpohn_Foto_web.jpg 640w, https:\/\/fototage.pirmasens.org\/wp-content\/uploads\/2025\/06\/DanielSpohn_Foto_web-300x199.jpg 300w, https:\/\/fototage.pirmasens.org\/wp-content\/uploads\/2025\/06\/DanielSpohn_Foto_web-289x192.jpg 289w\" sizes=\"auto, (max-width: 640px) 100vw, 640px\" \/><figcaption class=\"wp-element-caption\">\u00a9 Daniel Spohn<\/figcaption><\/figure>\n\n\n\n<p>Hinter jedem Foto steckt auch immer eine Geschichte und so zieht die zwei Fotografen das Interesse f\u00fcr die europ\u00e4ische Natur vom Saarland u. a. in die skandinavische Arktis, hoch hinauf in die atemberaubenden Alpen und an die tosende Atlantikk\u00fcste. Die Leidenschaft f\u00fcr die Naturfotografie teilen die beiden auch mit ihrem Freundeskreis und so sind viele Reisen gepr\u00e4gt von gemeinsamen Abenteuern und gegenseitiger Inspiration. Jeder hat so seine Eigenheiten, nicht nur charakterlich, auch was die Vorliebe f\u00fcr Regionen und Motive angeht. Wenn Nico Sch\u00fctz dabei ist, wird\u2019s meist kalt und steil, f\u00fcr Christian kann es gar nicht nass und lange genug dauern, bis ein Bild auf dem Sensor landet, und Daniel l\u00e4sst alles stehen und liegen, sobald sich ein Tier blicken l\u00e4sst.<\/p>\n\n\n\n<p>Stillstand ist furchtbar \u2013 sowohl beim Reisen als auch bei der fotografischen und pers\u00f6nlichen Entwicklung. Es geht immer weiter und so erhebt dieses Fotoprojekt keinesfalls den Anspruch der Vollst\u00e4ndigkeit, sondern besch\u00e4ftigt sich mit der Einzigartigkeit von Naturmomenten. In unserer globalisierten Welt liegt ganz Europa vor unserer Haust\u00fcr. Ein Kontinent, der auf solch kleinem Raum so abwechslungsreich wie herausfordernd ist \u2013 gerade f\u00fcr Naturfotografen, die die Natur nicht nur in Szene setzen, sondern auch f\u00fcr den Erhalt und Schutz unserer Naturparadiese sensibilisieren wollen und zum verantwortungsbewussten \u201eNutzen\u201c der Natur aufrufen.<\/p>\n\n\n\n<p><\/p>\n\n\n\n<p class=\"has-white-color has-text-color has-background has-link-color has-medium-font-size wp-elements-2d0bf152adbbde435b836057ccb43bc8\" style=\"background-color:#106584\">16.00 &#8211; 18.00 Uhr<br><strong>\u201eIsland 63\u00b066\u00b0N\u201c<\/strong> von Stefan Erdmann<\/p>\n\n\n\n<p>Eine bildgewaltige Filmreise auf der gr\u00f6\u00dften Vulkaninsel unseres Planeten. M\u00e4chtige Gletscher und aktive Vulkane, zahllose Wasserf\u00e4lle, farbenpr\u00e4chtige und bizarre Gebirgsformationen, endlose Weiten: Island \u2013 die gr\u00f6\u00dfte Vulkaninsel unseres Planeten.<\/p>\n\n\n\n<figure class=\"wp-block-image\"><img loading=\"lazy\" decoding=\"async\" width=\"640\" height=\"425\" src=\"http:\/\/fototage.pirmasens.org\/wp-content\/uploads\/2025\/06\/StefanErdmann_Foto_web.jpg\" alt=\"\" class=\"wp-image-1291\" srcset=\"https:\/\/fototage.pirmasens.org\/wp-content\/uploads\/2025\/06\/StefanErdmann_Foto_web.jpg 640w, https:\/\/fototage.pirmasens.org\/wp-content\/uploads\/2025\/06\/StefanErdmann_Foto_web-300x199.jpg 300w, https:\/\/fototage.pirmasens.org\/wp-content\/uploads\/2025\/06\/StefanErdmann_Foto_web-289x192.jpg 289w\" sizes=\"auto, (max-width: 640px) 100vw, 640px\" \/><figcaption class=\"wp-element-caption\">\u00a9 Stefan Erdmann<\/figcaption><\/figure>\n\n\n\n<p>Ein Journalist hat \u00fcber dieses Live-Kino-Event geschrieben: \u201eStefan Erdmann hat aus dem Naturkunstwerk Island ein einzigartiges Film- und Musik-Erlebnis geschaffen. Eine Hommage an Island und unseren Planeten. Gebannt sitzt man da und lauscht den Kommentaren Erdmanns und kann kaum fassen, was auf der Leinwand zu sehen ist.\u201c<\/p>\n\n\n\n<p>Die Live-Kino-Events von Stefan Erdmann sind au\u00dfergew\u00f6hnlich und deutschlandweit bekannt. Die Besonderheit ist, dass der Naturfilmer seine Dokumentationen pers\u00f6nlich in bester Bild- und Tonqualit\u00e4t pr\u00e4sentiert. Er spricht live neben der Riesen-Leinwand zu seinen Filmaufnahmen.<\/p>\n\n\n\n<p>Stefan Erdmann berichtet von den Weiten und der Einsamkeit des isl\u00e4ndischen Hochlandes, von den vielen Besonderheiten entlang der Ringstra\u00dfe, von einem spektakul\u00e4ren Vulkanausbruch, den er mitten im nord\u00f6stlichen Hochland aus n\u00e4chster N\u00e4he erlebt hat, und von noch viel mehr. \u00dcber 30 Mal war Stefan Erdmann in Island unterwegs und hat die Insel in sagenhaften Momenten erlebt und aus allen nur denkbaren Perspektiven gefilmt.<\/p>\n\n\n\n<p>Er sagt: \u201eDie Sch\u00f6nheit, Vielfalt und Kraft der isl\u00e4ndischen Natur ist \u00fcberw\u00e4ltigend. F\u00fcr Tage ganz allein im Hochland unterwegs zu sein, mich inmitten dieser atemberaubenden Natur aufzuhalten, geh\u00f6rt zu den sch\u00f6nsten und elementarsten Erlebnissen in meinem Leben. Mein Ziel ist es, diese Eindr\u00fccke weiterzugeben und einen intensiven und emotionalen Vortrag zu pr\u00e4sentieren, der das Publikum fesselt, begeistert und zugleich informiert.\u201c<\/p>\n","protected":false},"excerpt":{"rendered":"<p>Der Eintritt f\u00fcr die Multivisionsshows ist in den Tagestickets bzw. Kombitickets enthalten.* 25 \u20ac pro Tag \/40 \u20ac f\u00fcr beide Tage * ausgenommen: Multivisionsshow &#8222;TERRA&#8220; am 22. November 2025, um 19.30 Uhr 34 \u20ac FREITAG, 21. NOVEMBER 2025 20.00 Uhr\u201eEiswelten \u2013 30 Jahre polare Welten\u201c von und mit Norbert Rosing Angefangen hat es mit einer &hellip; <a href=\"https:\/\/fototage.pirmasens.org\/?page_id=1558\" class=\"more-link\"><span class=\"screen-reader-text\">Multivisionsshows<\/span> weiterlesen<\/a><\/p>\n","protected":false},"author":4,"featured_media":0,"parent":0,"menu_order":0,"comment_status":"closed","ping_status":"closed","template":"page-templates\/full-width-page.php","meta":{"footnotes":""},"class_list":["post-1558","page","type-page","status-publish","hentry"],"_links":{"self":[{"href":"https:\/\/fototage.pirmasens.org\/index.php?rest_route=\/wp\/v2\/pages\/1558","targetHints":{"allow":["GET"]}}],"collection":[{"href":"https:\/\/fototage.pirmasens.org\/index.php?rest_route=\/wp\/v2\/pages"}],"about":[{"href":"https:\/\/fototage.pirmasens.org\/index.php?rest_route=\/wp\/v2\/types\/page"}],"author":[{"embeddable":true,"href":"https:\/\/fototage.pirmasens.org\/index.php?rest_route=\/wp\/v2\/users\/4"}],"replies":[{"embeddable":true,"href":"https:\/\/fototage.pirmasens.org\/index.php?rest_route=%2Fwp%2Fv2%2Fcomments&post=1558"}],"version-history":[{"count":14,"href":"https:\/\/fototage.pirmasens.org\/index.php?rest_route=\/wp\/v2\/pages\/1558\/revisions"}],"predecessor-version":[{"id":1585,"href":"https:\/\/fototage.pirmasens.org\/index.php?rest_route=\/wp\/v2\/pages\/1558\/revisions\/1585"}],"wp:attachment":[{"href":"https:\/\/fototage.pirmasens.org\/index.php?rest_route=%2Fwp%2Fv2%2Fmedia&parent=1558"}],"curies":[{"name":"wp","href":"https:\/\/api.w.org\/{rel}","templated":true}]}}