{"id":985,"date":"2022-10-13T05:48:39","date_gmt":"2022-10-13T05:48:39","guid":{"rendered":"http:\/\/fototage.pirmasens.org\/?page_id=985"},"modified":"2025-12-01T09:54:09","modified_gmt":"2025-12-01T09:54:09","slug":"28-januar-2023","status":"publish","type":"page","link":"https:\/\/fototage.pirmasens.org\/?page_id=985","title":{"rendered":"22. November 2025"},"content":{"rendered":"\n<figure class=\"wp-block-table is-style-regular\"><table><tbody><tr><td><em><a href=\"https:\/\/www.ticket-regional.de\/stage_1006.php?timeID=1063346\" data-type=\"URL\" data-id=\"https:\/\/www.ticket-regional.de\/stage_1006.php?timeID=1063346\" target=\"_blank\" rel=\"noreferrer noopener\">Tagesticket<\/a><\/em> <em>f\u00fcr Vortr\u00e4ge und Shows 10 bis 18 Uhr inkl. Besuch der Fotoausstellungen<\/em><\/td><td><em>25 \u20ac pro Tag<\/em><\/td><\/tr><tr><td><em><a href=\"https:\/\/www.ticket-regional.de\/stage_1006.php?timeID=1063348\" data-type=\"URL\" data-id=\"https:\/\/www.ticket-regional.de\/stage_1006.php?timeID=1063348\" target=\"_blank\" rel=\"noreferrer noopener\">Kombiticket<\/a> f\u00fcr Vortr\u00e4ge und Shows 10 bis 18 Uhr inkl. Besuch der Fotoausstellungen<\/em><\/td><td><em>40 \u20ac f\u00fcr beide Tage<\/em><\/td><\/tr><tr><td><em><a href=\"https:\/\/www.ticket-regional.de\/stage_1006.php?timeID=1063345\" data-type=\"URL\" data-id=\"https:\/\/www.ticket-regional.de\/stage_1006.php?timeID=1063345\" target=\"_blank\" rel=\"noreferrer noopener\">Multivisionsshow &#8222;TERRA&#8220;<\/a> um 19.30 Uhr<\/em><\/td><td><em>34 \u20ac<\/em><\/td><\/tr><tr><td><em>ausschl. Besuch der Fotoausstellungen<\/em><\/td><td><em>Erwachsene 6 \u20ac<br>erm\u00e4\u00dfigt 4 \u20ac<\/em><\/td><\/tr><tr><td><em>Workshops <\/em><\/td><td><em>individuell<\/em><\/td><\/tr><\/tbody><\/table><\/figure>\n\n\n\n<p style=\"font-size:19px\"><\/p>\n\n\n\n<div style=\"height:40px\" aria-hidden=\"true\" class=\"wp-block-spacer\"><\/div>\n\n\n\n<h3 class=\"wp-block-heading has-white-color has-text-color has-background\" style=\"background-color:#2397a6\">10.00 &#8211; 13.00 Uhr<\/h3>\n\n\n\n<p><\/p>\n\n\n\n<h2 class=\"wp-block-heading\" style=\"font-size:22px\">Workshop <\/h2>\n\n\n\n<h2 class=\"wp-block-heading\" style=\"font-size:22px\">\u201eWie erstelle ich eine 360\u00b0-Tour?\u201c<\/h2>\n\n\n\n<h2 class=\"wp-block-heading\" style=\"font-size:18px\">Leitung: Andr\u00e9 Straub<\/h2>\n\n\n\n<p><a href=\"https:\/\/fototage.pirmasens.org\/?page_id=163\" target=\"_blank\" rel=\"noreferrer noopener\">Hier geht&#8217;s zu n\u00e4heren Informationen!<\/a><\/p>\n\n\n\n<div style=\"height:20px\" aria-hidden=\"true\" class=\"wp-block-spacer\"><\/div>\n\n\n\n<h3 class=\"wp-block-heading has-white-color has-text-color has-background\" style=\"background-color:#2397a6\">13.30 &#8211; 17.30 Uhr<\/h3>\n\n\n\n<p><\/p>\n\n\n\n<h2 class=\"wp-block-heading\" style=\"font-size:22px\">Workshop <\/h2>\n\n\n\n<h2 class=\"wp-block-heading\" style=\"font-size:22px\">\u201eWeitwinkel vs. Tele \u2013 Brennweiten bewusst einsetzen\u201c<\/h2>\n\n\n\n<h2 class=\"wp-block-heading\" style=\"font-size:18px\">Leitung: Daniel Spohn<\/h2>\n\n\n\n<p><a href=\"https:\/\/fototage.pirmasens.org\/?page_id=163\" target=\"_blank\" rel=\"noreferrer noopener\">Hier geht&#8217;s zu n\u00e4heren Informationen!<\/a><\/p>\n\n\n\n<p><\/p>\n\n\n\n<div style=\"height:28px\" aria-hidden=\"true\" class=\"wp-block-spacer\"><\/div>\n\n\n\n<h3 class=\"wp-block-heading has-white-color has-text-color has-background\" style=\"background-color:#2397a6\">10.30 &#8211; 11.30 Uhr<\/h3>\n\n\n\n<h2 class=\"wp-block-heading\" style=\"font-size:22px\">\u201eEintauchen in faszinierende Welten bunter Felsen, malerischer Weiher, wilder W\u00e4lder der S\u00fcdwestpfalz\u201c<br>Multivisionsvortrag von Hartmut Eckstein<\/h2>\n\n\n\n<p>Die Multivision entstand im Rahmen eines mehrj\u00e4hrigen Fotoprojekts im Biosph\u00e4renreservat Pf\u00e4lzerwald Nordvogesen. Durch Beschr\u00e4nkung auf 15 km um Ludwigswinkel kann <strong>Hartmut Eckstein<\/strong> mit e-Bike und zu Fu\u00df interessante Orte erreichen, langsam unterwegs sein, Neues entdecken, wiederkehren und sich f\u00fcr Motive und Bildkomposition Zeit nehmen. Dar\u00fcber hinaus m\u00f6chte er eigene fotografische Akzente setzen und hat daf\u00fcr besonderen Themen gefunden: die Quellen von Sauerbach und Fischbach, ein Felsenatelier, Wald-Wassergeister, einen \u201eLost Place\u201c und die Landschaftsfotografie bei Nacht.<\/p>\n\n\n\n<figure class=\"wp-block-image size-full\"><img loading=\"lazy\" decoding=\"async\" width=\"640\" height=\"426\" src=\"http:\/\/fototage.pirmasens.org\/wp-content\/uploads\/2025\/06\/HartmutEckstein_Foto_web.jpg\" alt=\"\" class=\"wp-image-1282\" srcset=\"https:\/\/fototage.pirmasens.org\/wp-content\/uploads\/2025\/06\/HartmutEckstein_Foto_web.jpg 640w, https:\/\/fototage.pirmasens.org\/wp-content\/uploads\/2025\/06\/HartmutEckstein_Foto_web-300x200.jpg 300w, https:\/\/fototage.pirmasens.org\/wp-content\/uploads\/2025\/06\/HartmutEckstein_Foto_web-288x192.jpg 288w\" sizes=\"auto, (max-width: 640px) 100vw, 640px\" \/><figcaption class=\"wp-element-caption\">\u00a9 Hartmut Eckstein<\/figcaption><\/figure>\n\n\n\n<div style=\"height:27px\" aria-hidden=\"true\" class=\"wp-block-spacer\"><\/div>\n\n\n\n<h3 class=\"wp-block-heading\">11.30 &#8211; 12.00 Uhr Pause<\/h3>\n\n\n\n<div style=\"height:27px\" aria-hidden=\"true\" class=\"wp-block-spacer\"><\/div>\n\n\n\n<h3 class=\"wp-block-heading has-white-color has-text-color has-background\" style=\"background-color:#2397a6\">12.00 &#8211; 13.00 Uhr<\/h3>\n\n\n\n<h2 class=\"wp-block-heading\" style=\"font-size:22px\">\u201eZwischen Rum und Riffs \u2013 Eine fotografische Reise durch Kubas Metal-Szene\u201c Multivisionsvortrag von Thomas B. Jones<\/h2>\n\n\n\n<p>Kuba und Heavy Metal \u2013 zwei Welten, die auf den ersten Blick kaum gegens\u00e4tzlicher sein k\u00f6nnten. Doch genau hier setzt Fotograf <strong>Thomas B. Jones<\/strong> an: In seiner Fotoreportage taucht er tief in eine Szene ein, die den meisten Touristen verborgen bleibt \u2013 die Underground-Metal-Szene der Karibikinsel. Mit im Gep\u00e4ck: faszinierende Geschichten, eindrucksvolle Bilder und \u00fcberraschende Einblicke \u2013 darunter auch, wie eine zu enge Skinny Jeans zum Eintrittsticket f\u00fcr ein Metal-Konzert wurde.<\/p>\n\n\n\n<figure class=\"wp-block-image size-full\"><img loading=\"lazy\" decoding=\"async\" width=\"639\" height=\"425\" src=\"http:\/\/fototage.pirmasens.org\/wp-content\/uploads\/2025\/06\/ThomasBJones_Foto_web.jpg\" alt=\"\" class=\"wp-image-1293\" srcset=\"https:\/\/fototage.pirmasens.org\/wp-content\/uploads\/2025\/06\/ThomasBJones_Foto_web.jpg 639w, https:\/\/fototage.pirmasens.org\/wp-content\/uploads\/2025\/06\/ThomasBJones_Foto_web-300x200.jpg 300w, https:\/\/fototage.pirmasens.org\/wp-content\/uploads\/2025\/06\/ThomasBJones_Foto_web-289x192.jpg 289w\" sizes=\"auto, (max-width: 639px) 100vw, 639px\" \/><figcaption class=\"wp-element-caption\">\u00a9 Thomas B. Jones<\/figcaption><\/figure>\n\n\n\n<p>Der Vortrag erz\u00e4hlt von einer Subkultur, die gepr\u00e4gt ist von Improvisation, Solidarit\u00e4t und Kreativit\u00e4t \u2013 und von Musikern, die trotz Stromausf\u00e4llen, Materialmangel und staatlicher Kontrolle nicht aufh\u00f6ren, laut zu sein. Mit Neugier und Respekt dokumentiert er einen gelebten Widerstand zwischen DIY-Spirit und Systemgrenzen \u2013 mal rau, mal komisch, aber immer echt.<\/p>\n\n\n\n<p>Ob Corpse Paint in farbenfrohen Jazzclubs, Bandproben in Garagen ohne Schallschutz oder Konzerte unter Auflagen der staatlichen Rock-Agentur: Diese Szene ist weit mehr als ein musikalisches Randph\u00e4nomen. Sie ist Ausdruck eines ungebrochenen Willens zur Freiheit und kulturellen Selbstbehauptung in einem widerspr\u00fcchlichen, faszinierenden Land. <\/p>\n\n\n\n<p>\u201eZwischen Rum und Riffs\u201c ist ein visuell kraftvoller, tiefgr\u00fcndiger und gleichzeitig unterhaltsamer Vortrag \u00fcber die Macht der Musik \u2013 und eine Einladung, Subkulturen dort zu entdecken, wo man sie am wenigsten vermutet.<\/p>\n\n\n\n<div style=\"height:27px\" aria-hidden=\"true\" class=\"wp-block-spacer\"><\/div>\n\n\n\n<h3 class=\"wp-block-heading\">13.00 &#8211; 13.30 Uhr Pause<\/h3>\n\n\n\n<div style=\"height:28px\" aria-hidden=\"true\" class=\"wp-block-spacer\"><\/div>\n\n\n\n<h3 class=\"wp-block-heading has-white-color has-text-color has-background\" style=\"background-color:#2397a6\">13.30 &#8211; 15.30 Uhr<\/h3>\n\n\n\n<h2 class=\"wp-block-heading\" style=\"font-size:22px\">\u201eMeine tierischen Abenteuer: Kanada \u2013 Island \u2013 Mongolei\u201c<br>Multivisionsvortrag von Beate Oswald<\/h2>\n\n\n\n<p><strong>Beate Oswald <\/strong>liebt die K\u00e4lte \u2013 \u00fcber einen Zeitraum von sechs Jahren ist sie dreimal nach Nordkanada gereist, um Eisb\u00e4ren in ihrer nat\u00fcrlichen Umgebung zu beobachten sowie Schneeeulen in einem ihrer \u00dcberwinterungsgebiete in Ostkanada: jene Eulen, die bekannt sind f\u00fcr ihre \u00fcberraschend gelben Augen, ihr sch\u00f6nes wei\u00dfes Gefieder \u2013 und deren Angriff so lautlos kommt wie der Tod. Anschlie\u00dfend tauschte sie die minus 40 Grad in Kanada mit den Schneest\u00fcrmen Islands ein, um sich dort mit den scheuen, aber dennoch neugierigen Polarf\u00fcchsen anzufreunden.<\/p>\n\n\n\n<figure class=\"wp-block-image size-full\"><img loading=\"lazy\" decoding=\"async\" width=\"640\" height=\"426\" src=\"http:\/\/fototage.pirmasens.org\/wp-content\/uploads\/2025\/08\/BeateOswald_Foto_neu_web.jpg\" alt=\"\" class=\"wp-image-1579\" srcset=\"https:\/\/fototage.pirmasens.org\/wp-content\/uploads\/2025\/08\/BeateOswald_Foto_neu_web.jpg 640w, https:\/\/fototage.pirmasens.org\/wp-content\/uploads\/2025\/08\/BeateOswald_Foto_neu_web-300x200.jpg 300w, https:\/\/fototage.pirmasens.org\/wp-content\/uploads\/2025\/08\/BeateOswald_Foto_neu_web-288x192.jpg 288w\" sizes=\"auto, (max-width: 640px) 100vw, 640px\" \/><figcaption class=\"wp-element-caption\">\u00a9 Beate Oswald<\/figcaption><\/figure>\n\n\n\n<p>Im zweiten Teil ihrer Show nimmt sie das Publikum mit auf ihre spannenden Reisen in die Mongolei. Adlerj\u00e4ger f\u00fchren dort im \u00e4u\u00dfersten Westen des Landes ein entbehrungsreiches Nomadenleben. Seit Tausenden von Jahren erlegen sie ihre Beute mit Hilfe von Steinadlern \u2013 Adler, die Familienmitglied und eng verb\u00fcndeter Jagdpartner zugleich sind. Und die Mongolei hat noch viel mehr zu bieten. In den weiten Steppen lebt der Manul, eine Wildkatze, die f\u00fcr ihre scheinbar schlechte Laune Ber\u00fchmtheit erlangt hat. Aber nicht nur sie will Beate Oswald beobachten. Im kargen Altai-Gebirge begibt sie sich auf die beschwerliche Suche nach dem mystischen Schneeleoparden. Ob sie tats\u00e4chlich einen vor die Kamera bekommen hat? Das Publikum wird es in ihrem Vortrag erfahren.<\/p>\n\n\n\n<p>Neben Wissen und Humor kommen auch Beate Oswalds Erlebnisse nicht zu kurz. Die herausfordernde Suche nach dem perfekten Bild im rauen Klima des eisigen Nordens braucht auf alle F\u00e4lle eine solide Vorbereitung, eine positive Einstellung und ein Qu\u00e4ntchen Gl\u00fcck. <\/p>\n\n\n\n<p>Ihre kurzweilige Multivision illustriert Beate Oswald mit faszinierenden Kurzvideos und atemberaubenden Bildern.<\/p>\n\n\n\n<p><strong>Ein Trailer des Vortrags macht schon mal neugierig:<\/strong><\/p>\n\n\n\n<figure class=\"wp-block-embed is-type-video is-provider-youtube wp-block-embed-youtube wp-embed-aspect-16-9 wp-has-aspect-ratio\"><div class=\"wp-block-embed__wrapper\">\n<iframe loading=\"lazy\" title=\"Beate Oswald &quot;Meine Tierischen Abenteuer, Teil 1 &amp; 2&quot;\" width=\"648\" height=\"365\" src=\"https:\/\/www.youtube.com\/embed\/3IhFm1w_kUY?feature=oembed\" frameborder=\"0\" allow=\"accelerometer; autoplay; clipboard-write; encrypted-media; gyroscope; picture-in-picture; web-share\" referrerpolicy=\"strict-origin-when-cross-origin\" allowfullscreen><\/iframe>\n<\/div><\/figure>\n\n\n\n<div style=\"height:27px\" aria-hidden=\"true\" class=\"wp-block-spacer\"><\/div>\n\n\n\n<h3 class=\"wp-block-heading\">15.30 &#8211; 16.00 Uhr Pause<\/h3>\n\n\n\n<div style=\"height:28px\" aria-hidden=\"true\" class=\"wp-block-spacer\"><\/div>\n\n\n\n<h3 class=\"wp-block-heading has-white-color has-text-color has-background\" style=\"background-color:#2397a6\">16.00 &#8211; 18.00 Uhr<\/h3>\n\n\n\n<h2 class=\"wp-block-heading\" style=\"font-size:22px\">\u201eReise zu den Enden der Welt\u201c<br>Multivisionsvortrag von Michael Runkel<\/h2>\n\n\n\n<p>Der international ausgezeichnete N\u00fcrnberger Reisefotograf <strong>Michael Runkel<\/strong> berichtet in seinem Vortrag \u201eReise zu den Enden der Welt\u201c von den entlegensten Orten der Erde und zeigt dazu atemberaubende Bilder. Es gibt rund 630 Menschen, die bisher im Weltall waren, aber nur rund 380, die alle L\u00e4nder der Welt bereist haben. Michael Runkel ist einer davon. Er hat nicht nur alle Staaten dieser Welt, sondern auch 1.230 von 1.301 aller weltweiten Provinzen fotografiert.<\/p>\n\n\n\n<figure class=\"wp-block-image size-full\"><img loading=\"lazy\" decoding=\"async\" width=\"640\" height=\"360\" src=\"http:\/\/fototage.pirmasens.org\/wp-content\/uploads\/2025\/06\/MichaelRunkel_Foto_web1.jpg\" alt=\"\" class=\"wp-image-1312\" srcset=\"https:\/\/fototage.pirmasens.org\/wp-content\/uploads\/2025\/06\/MichaelRunkel_Foto_web1.jpg 640w, https:\/\/fototage.pirmasens.org\/wp-content\/uploads\/2025\/06\/MichaelRunkel_Foto_web1-300x169.jpg 300w, https:\/\/fototage.pirmasens.org\/wp-content\/uploads\/2025\/06\/MichaelRunkel_Foto_web1-341x192.jpg 341w\" sizes=\"auto, (max-width: 640px) 100vw, 640px\" \/><figcaption class=\"wp-element-caption\">\u00a9 Michael Runkel<\/figcaption><\/figure>\n\n\n\n<p>Seit \u00fcber 30 Jahren bereist und dokumentiert Michael Runkel unseren Planeten und zeigt in seinem Vortrag die unbekannten Enden einer sich schnell ver\u00e4ndernden Welt. Dabei wird er auch auf die vielf\u00e4ltigen globalen Herausforderungen unserer Umwelt eingehen und wie sie heute schon das Leben der Menschen beeinflussen.<\/p>\n\n\n\n<div style=\"height:27px\" aria-hidden=\"true\" class=\"wp-block-spacer\"><\/div>\n\n\n\n<h3 class=\"wp-block-heading\">18.00 &#8211; 19.30 Uhr Pause<\/h3>\n\n\n\n<div style=\"height:28px\" aria-hidden=\"true\" class=\"wp-block-spacer\"><\/div>\n\n\n\n<h3 class=\"wp-block-heading has-white-color has-text-color has-background\" style=\"background-color:#2397a6\">19.30 &#8211; 22.30 Uhr<\/h3>\n\n\n\n<h2 class=\"wp-block-heading\" style=\"font-size:22px\">\u201eTERRA \u2013 ein fotografisches und geografisches Portr\u00e4t unserer Erde\u201c<br>Multivisionsshow mit Michael Martin<\/h2>\n\n\n\n<p>F\u00fcnf Jahre reiste <strong>Michael Martin<\/strong> mit der Kamera um die Welt und fotografierte in der Arktis, im Himalaya, in den Anden, im S\u00fcdpazifik, in Arabien, im Amazonasbecken, in den Savannen Ostafrikas sowie in der Taiga Sibiriens und den Steppen Zentralasiens. So entstanden zehn Gesichter der Erde, die neben faszinierenden Landschaften auch Tiere, Pflanzen und Kulturen in allen Klimazonen unserer Erde vorstellen.<\/p>\n\n\n\n<div class=\"wp-block-columns is-layout-flex wp-container-core-columns-is-layout-9d6595d7 wp-block-columns-is-layout-flex\">\n<div class=\"wp-block-column is-layout-flow wp-block-column-is-layout-flow\" style=\"flex-basis:33.34%\">\n<figure class=\"wp-block-image size-full\"><img loading=\"lazy\" decoding=\"async\" width=\"640\" height=\"426\" src=\"http:\/\/fototage.pirmasens.org\/wp-content\/uploads\/2025\/06\/MichaelMartin_Foto_web.jpg\" alt=\"\" class=\"wp-image-1285\" srcset=\"https:\/\/fototage.pirmasens.org\/wp-content\/uploads\/2025\/06\/MichaelMartin_Foto_web.jpg 640w, https:\/\/fototage.pirmasens.org\/wp-content\/uploads\/2025\/06\/MichaelMartin_Foto_web-300x200.jpg 300w, https:\/\/fototage.pirmasens.org\/wp-content\/uploads\/2025\/06\/MichaelMartin_Foto_web-288x192.jpg 288w\" sizes=\"auto, (max-width: 640px) 100vw, 640px\" \/><\/figure>\n<\/div>\n\n\n\n<div class=\"wp-block-column is-layout-flow wp-block-column-is-layout-flow\" style=\"flex-basis:33.34%\">\n<figure class=\"wp-block-image size-full\"><img loading=\"lazy\" decoding=\"async\" width=\"639\" height=\"426\" src=\"http:\/\/fototage.pirmasens.org\/wp-content\/uploads\/2025\/06\/MichaelMartin_Foto_web1.jpg\" alt=\"\" class=\"wp-image-1316\" srcset=\"https:\/\/fototage.pirmasens.org\/wp-content\/uploads\/2025\/06\/MichaelMartin_Foto_web1.jpg 639w, https:\/\/fototage.pirmasens.org\/wp-content\/uploads\/2025\/06\/MichaelMartin_Foto_web1-300x200.jpg 300w, https:\/\/fototage.pirmasens.org\/wp-content\/uploads\/2025\/06\/MichaelMartin_Foto_web1-288x192.jpg 288w\" sizes=\"auto, (max-width: 639px) 100vw, 639px\" \/><\/figure>\n<\/div>\n\n\n\n<div class=\"wp-block-column is-layout-flow wp-block-column-is-layout-flow\" style=\"flex-basis:33.33%\">\n<figure class=\"wp-block-image size-full\"><img loading=\"lazy\" decoding=\"async\" width=\"639\" height=\"427\" src=\"http:\/\/fototage.pirmasens.org\/wp-content\/uploads\/2025\/06\/MichaelMartin_Foto_web2.jpg\" alt=\"\" class=\"wp-image-1317\" srcset=\"https:\/\/fototage.pirmasens.org\/wp-content\/uploads\/2025\/06\/MichaelMartin_Foto_web2.jpg 639w, https:\/\/fototage.pirmasens.org\/wp-content\/uploads\/2025\/06\/MichaelMartin_Foto_web2-300x200.jpg 300w, https:\/\/fototage.pirmasens.org\/wp-content\/uploads\/2025\/06\/MichaelMartin_Foto_web2-287x192.jpg 287w\" sizes=\"auto, (max-width: 639px) 100vw, 639px\" \/><\/figure>\n<\/div>\n<\/div>\n\n\n\n<p class=\"has-text-align-center\">\u00a9 alle Bilder: Michael Martin<\/p>\n\n\n\n<div class=\"wp-block-group\"><div class=\"wp-block-group__inner-container is-layout-flow wp-block-group-is-layout-flow\">\n<div class=\"wp-block-columns is-layout-flex wp-container-core-columns-is-layout-9d6595d7 wp-block-columns-is-layout-flex\">\n<div class=\"wp-block-column is-layout-flow wp-block-column-is-layout-flow\" style=\"flex-basis:100%\"><\/div>\n<\/div>\n<\/div><\/div>\n\n\n\n<p>Michael Martin besch\u00e4ftigte sich neben den weltweiten, abenteuerlichen Reisen aber auch mit der Geschichte der Erde, die vor 4,5 Milliarden Jahren im Chaos entstand und sich zu einem Planeten voller Leben und Vielfalt entwickelte. Er macht deutlich, dass die Erde in der Bl\u00fcte ihrer Entwicklung stand, als der Mensch vor 180.000 Jahren die B\u00fchne des Lebens betrat und begann, sie zu gestalten und inzwischen auch zu zerst\u00f6ren.&nbsp;<\/p>\n\n\n\n<p>Michael Martins neue Multivision TERRA zeichnet das ganz gro\u00dfe Bild der Erde, sie ist eine Verneigung vor der Sch\u00f6nheit der Natur und dem Wunder des Lebens.<\/p>\n\n\n\n<figure class=\"wp-block-table\"><table class=\"has-background\" style=\"background-color:#f8f8f8\"><tbody><tr><td><\/td><\/tr><\/tbody><\/table><\/figure>\n","protected":false},"excerpt":{"rendered":"<p>Tagesticket f\u00fcr Vortr\u00e4ge und Shows 10 bis 18 Uhr inkl. Besuch der Fotoausstellungen 25 \u20ac pro Tag Kombiticket f\u00fcr Vortr\u00e4ge und Shows 10 bis 18 Uhr inkl. Besuch der Fotoausstellungen 40 \u20ac f\u00fcr beide Tage Multivisionsshow &#8222;TERRA&#8220; um 19.30 Uhr 34 \u20ac ausschl. Besuch der Fotoausstellungen Erwachsene 6 \u20acerm\u00e4\u00dfigt 4 \u20ac Workshops individuell 10.00 &#8211; &hellip; <a href=\"https:\/\/fototage.pirmasens.org\/?page_id=985\" class=\"more-link\"><span class=\"screen-reader-text\">22. November 2025<\/span> weiterlesen<\/a><\/p>\n","protected":false},"author":4,"featured_media":0,"parent":0,"menu_order":0,"comment_status":"closed","ping_status":"closed","template":"page-templates\/full-width-page.php","meta":{"footnotes":""},"class_list":["post-985","page","type-page","status-publish","hentry"],"_links":{"self":[{"href":"https:\/\/fototage.pirmasens.org\/index.php?rest_route=\/wp\/v2\/pages\/985","targetHints":{"allow":["GET"]}}],"collection":[{"href":"https:\/\/fototage.pirmasens.org\/index.php?rest_route=\/wp\/v2\/pages"}],"about":[{"href":"https:\/\/fototage.pirmasens.org\/index.php?rest_route=\/wp\/v2\/types\/page"}],"author":[{"embeddable":true,"href":"https:\/\/fototage.pirmasens.org\/index.php?rest_route=\/wp\/v2\/users\/4"}],"replies":[{"embeddable":true,"href":"https:\/\/fototage.pirmasens.org\/index.php?rest_route=%2Fwp%2Fv2%2Fcomments&post=985"}],"version-history":[{"count":58,"href":"https:\/\/fototage.pirmasens.org\/index.php?rest_route=\/wp\/v2\/pages\/985\/revisions"}],"predecessor-version":[{"id":1645,"href":"https:\/\/fototage.pirmasens.org\/index.php?rest_route=\/wp\/v2\/pages\/985\/revisions\/1645"}],"wp:attachment":[{"href":"https:\/\/fototage.pirmasens.org\/index.php?rest_route=%2Fwp%2Fv2%2Fmedia&parent=985"}],"curies":[{"name":"wp","href":"https:\/\/api.w.org\/{rel}","templated":true}]}}