{"id":992,"date":"2022-10-13T05:48:51","date_gmt":"2022-10-13T05:48:51","guid":{"rendered":"http:\/\/fototage.pirmasens.org\/?page_id=992"},"modified":"2025-12-01T09:54:45","modified_gmt":"2025-12-01T09:54:45","slug":"29-januar-2023","status":"publish","type":"page","link":"https:\/\/fototage.pirmasens.org\/?page_id=992","title":{"rendered":"23. November 2025"},"content":{"rendered":"\n<figure class=\"wp-block-table is-style-regular\"><table><tbody><tr><td><a href=\"https:\/\/www.ticket-regional.de\/stage_1006.php?timeID=1063347\" data-type=\"URL\" data-id=\"https:\/\/www.ticket-regional.de\/stage_1006.php?timeID=1063347\" target=\"_blank\" rel=\"noreferrer noopener\"><em>Tagesticke<\/em>t<\/a> <em>f\u00fcr Vortr\u00e4ge und Shows 10 bis 18 Uhr inkl. Besuch der Fotoausstellungen<\/em><\/td><td><em>25 \u20ac pro Tag<\/em><\/td><\/tr><tr><td><em><a href=\"https:\/\/www.ticket-regional.de\/stage_1006.php?timeID=1063348\" data-type=\"URL\" data-id=\"https:\/\/www.ticket-regional.de\/stage_1006.php?timeID=1063348\" target=\"_blank\" rel=\"noreferrer noopener\">Kombiticket <\/a>f\u00fcr Vortr\u00e4ge und Shows 10 bis 18 Uhr inkl. Besuch der Fotoausstellungen<\/em><\/td><td><em>40 \u20ac f\u00fcr beide Tage<\/em><\/td><\/tr><tr><td><em>ausschl. Besuch der Fotoausstellungen<\/em><\/td><td><em>Erwachsene 6 \u20ac<br>erm\u00e4\u00dfigt 4 \u20ac<\/em><\/td><\/tr><tr><td><em>Workshops <\/em><\/td><td><em>individuell<\/em><\/td><\/tr><\/tbody><\/table><\/figure>\n\n\n\n<p><\/p>\n\n\n\n<div style=\"height:40px\" aria-hidden=\"true\" class=\"wp-block-spacer\"><\/div>\n\n\n\n<h3 class=\"wp-block-heading has-white-color has-text-color has-background\" style=\"background-color:#106584\">9.30 &#8211; 13.30 Uhr<\/h3>\n\n\n\n<p><\/p>\n\n\n\n<h2 class=\"wp-block-heading\" style=\"font-size:22px\">Workshop <\/h2>\n\n\n\n<h2 class=\"wp-block-heading\" style=\"font-size:22px\">\u201eFaszination Natur in Schwarz-Wei\u00df \u2013 Die Konzentration auf das Wesentliche\u201c<\/h2>\n\n\n\n<h2 class=\"wp-block-heading\" style=\"font-size:18px\">Leitung: Anouchka Olszewski<\/h2>\n\n\n\n<p><a href=\"https:\/\/fototage.pirmasens.org\/?page_id=163\" target=\"_blank\" rel=\"noreferrer noopener\">Hier geht&#8217;s zu n\u00e4heren Informationen!<\/a><\/p>\n\n\n\n<p><\/p>\n\n\n\n<div style=\"height:36px\" aria-hidden=\"true\" class=\"wp-block-spacer\"><\/div>\n\n\n\n<h3 class=\"wp-block-heading has-white-color has-text-color has-background\" style=\"background-color:#106584\">14.00 &#8211; 18.00 Uhr<\/h3>\n\n\n\n<p><\/p>\n\n\n\n<h2 class=\"wp-block-heading\" style=\"font-size:22px\">Workshop <\/h2>\n\n\n\n<h2 class=\"wp-block-heading\" style=\"font-size:22px\">Reportagefotografie \u2013 \u201eSo wirst du zum visuellen Storyteller vor der eigenen Haust\u00fcr\u201d<\/h2>\n\n\n\n<h2 class=\"wp-block-heading\" style=\"font-size:18px\">Leitung: Thomas B. Jones<\/h2>\n\n\n\n<p><a href=\"https:\/\/fototage.pirmasens.org\/?page_id=163\" target=\"_blank\" rel=\"noreferrer noopener\">Hier geht&#8217;s zu n\u00e4heren Informationen!<\/a><\/p>\n\n\n\n<div style=\"height:36px\" aria-hidden=\"true\" class=\"wp-block-spacer\"><\/div>\n\n\n\n<h3 class=\"wp-block-heading has-white-color has-text-color has-background\" style=\"background-color:#106584\">10.30 &#8211; 11.30 Uhr <\/h3>\n\n\n\n<h2 class=\"wp-block-heading\" style=\"font-size:22px\">\u201eNeuseeland \u2013 Eine Reise nach Mittelerde\u201c <br>Multivisionsshow von Andr\u00e9 Straub<\/h2>\n\n\n\n<p>Der Regisseur Peter Jackson wusste genau, warum er die Trilogie \u201eDer Herr der Ringe\u201c in Neuseeland gedreht hat \u2013 <strong>Andr\u00e9 Straub<\/strong> nimmt sein Publikum mit auf eine bildgewaltige Reise durch dieses atemberaubende Land. Die abgelegenen beiden Hauptinseln, die sich nicht weit von der Antarktis befinden, unterliegen dem stetigen Wechsel der Jahreszeiten und dem umgebenden Pazifik. Viel Regen, Schnee und subtropisches Klima finden sich hier nah beieinander. Aber auch die geologische Vergangenheit geh\u00f6rt hier zur Gegenwart.<\/p>\n\n\n\n<figure class=\"wp-block-image size-full\"><img loading=\"lazy\" decoding=\"async\" width=\"639\" height=\"424\" src=\"http:\/\/fototage.pirmasens.org\/wp-content\/uploads\/2025\/06\/AndreStraub_Foto_web1.jpg\" alt=\"\" class=\"wp-image-1330\" srcset=\"https:\/\/fototage.pirmasens.org\/wp-content\/uploads\/2025\/06\/AndreStraub_Foto_web1.jpg 639w, https:\/\/fototage.pirmasens.org\/wp-content\/uploads\/2025\/06\/AndreStraub_Foto_web1-300x199.jpg 300w, https:\/\/fototage.pirmasens.org\/wp-content\/uploads\/2025\/06\/AndreStraub_Foto_web1-289x192.jpg 289w\" sizes=\"auto, (max-width: 639px) 100vw, 639px\" \/><figcaption class=\"wp-element-caption\">\u00a9 Andr\u00e9 Straub<\/figcaption><\/figure>\n\n\n\n<p>An vielen Stellen kann man die Tiefe der Erde durch hei\u00dfe Quellen immer noch beobachten, Vulkane spucken regelm\u00e4\u00dfig ihre Lava in die Luft und Erdbeben geh\u00f6ren hier fast zum Alltag. Neuseeland bietet f\u00fcr jeden Besucher, der die lange Reise dorthin nicht scheut, tolle Begegnungen und eine grandiose Tier- und Pflanzenwelt.<\/p>\n\n\n\n<div style=\"height:27px\" aria-hidden=\"true\" class=\"wp-block-spacer\"><\/div>\n\n\n\n<h3 class=\"wp-block-heading\">11.30 &#8211; 12.00 Uhr Pause<\/h3>\n\n\n\n<div style=\"height:28px\" aria-hidden=\"true\" class=\"wp-block-spacer\"><\/div>\n\n\n\n<h3 class=\"wp-block-heading has-white-color has-text-color has-background\" style=\"background-color:#106584\">12.00 &#8211; 13.30 Uhr <\/h3>\n\n\n\n<h2 class=\"wp-block-heading\" style=\"font-size:22px\">\u201eEuropa \u2013 Naturparadiese vor der Haust\u00fcr\u201c <br>Multivisionssvortrag von Daniel Spohn<\/h2>\n\n\n\n<p>Europa z\u00e4hlt zu den dicht besiedelten Kontinenten der Welt. Doch vor unserer Haust\u00fcr gibt es auch noch echte Naturparadiese, die die beiden saarl\u00e4ndischen Naturfotografen Christian M\u00fctterthies und <strong>Daniel Spohn<\/strong> magisch anziehen. Ihr fotografischer Weg ist stark von vermeintlich unber\u00fchrter Natur, Kleinstlebensr\u00e4umen und eher ungeliebten Tierarten gepr\u00e4gt. Neue Motivwelten weckten \u00fcber die Jahre Schritt f\u00fcr Schritt ihr Interesse und so zeigen die beiden in dieser neuen Live-Reportage und begleitenden Fotoausstellung ihre fotografische Auseinandersetzung mit unserer Umwelt und ihrer einzigartigen Flora und Fauna in Europa. So geht es von den Kulturlandschaften des Saarlandes zu den K\u00fcsten Madeiras, von der Kreuzotter in Deutschland zu den Braunb\u00e4ren in Slowenien, von technischen Herausforderungen wie der Fotografie von Nordlichtern in Norwegen hin zum kreativen Spiel mit Sch\u00e4rfe und Unsch\u00e4rfe im Mikrokosmos des Biosph\u00e4renreservates Bliesgau.<\/p>\n\n\n\n<figure class=\"wp-block-image size-full\"><img loading=\"lazy\" decoding=\"async\" width=\"640\" height=\"425\" src=\"http:\/\/fototage.pirmasens.org\/wp-content\/uploads\/2025\/06\/DanielSpohn_Foto_web.jpg\" alt=\"\" class=\"wp-image-1280\" srcset=\"https:\/\/fototage.pirmasens.org\/wp-content\/uploads\/2025\/06\/DanielSpohn_Foto_web.jpg 640w, https:\/\/fototage.pirmasens.org\/wp-content\/uploads\/2025\/06\/DanielSpohn_Foto_web-300x199.jpg 300w, https:\/\/fototage.pirmasens.org\/wp-content\/uploads\/2025\/06\/DanielSpohn_Foto_web-289x192.jpg 289w\" sizes=\"auto, (max-width: 640px) 100vw, 640px\" \/><figcaption class=\"wp-element-caption\">\u00a9 Daniel Spohn<\/figcaption><\/figure>\n\n\n\n<p>Hinter jedem Foto steckt auch immer eine Geschichte und so zieht die zwei Fotografen das Interesse f\u00fcr die europ\u00e4ische Natur vom Saarland u. a. in die skandinavische Arktis, hoch hinauf in die atemberaubenden Alpen und an die tosende Atlantikk\u00fcste. Die Leidenschaft f\u00fcr die Naturfotografie teilen die beiden auch mit ihrem Freundeskreis und so sind viele Reisen gepr\u00e4gt von gemeinsamen Abenteuern und gegenseitiger Inspiration. Jeder hat so seine Eigenheiten, nicht nur charakterlich, auch was die Vorliebe f\u00fcr Regionen und Motive angeht. Wenn Nico Sch\u00fctz dabei ist, wird\u2019s meist kalt und steil, f\u00fcr Christian kann es gar nicht nass und lange genug dauern, bis ein Bild auf dem Sensor landet, und Daniel l\u00e4sst alles stehen und liegen, sobald sich ein Tier blicken l\u00e4sst. <\/p>\n\n\n\n<p>Stillstand ist furchtbar \u2013 sowohl beim Reisen als auch bei der fotografischen und pers\u00f6nlichen Entwicklung. Es geht immer weiter und so erhebt dieses Fotoprojekt keinesfalls den Anspruch der Vollst\u00e4ndigkeit, sondern besch\u00e4ftigt sich mit der Einzigartigkeit von Naturmomenten. In unserer globalisierten Welt liegt ganz Europa vor unserer Haust\u00fcr. Ein Kontinent, der auf solch kleinem Raum so abwechslungsreich wie herausfordernd ist \u2013 gerade f\u00fcr Naturfotografen, die die Natur nicht nur in Szene setzen, sondern auch f\u00fcr den Erhalt und Schutz unserer Naturparadiese sensibilisieren wollen und zum verantwortungsbewussten \u201eNutzen\u201c der Natur aufrufen.<\/p>\n\n\n\n<div style=\"height:27px\" aria-hidden=\"true\" class=\"wp-block-spacer\"><\/div>\n\n\n\n<h3 class=\"wp-block-heading\">13.30 &#8211; 14.00 Uhr Pause<\/h3>\n\n\n\n<div style=\"height:27px\" aria-hidden=\"true\" class=\"wp-block-spacer\"><\/div>\n\n\n\n<h3 class=\"wp-block-heading has-white-color has-text-color has-background\" style=\"background-color:#106584\">14.00 &#8211; 15.30 Uhr<strong> <\/strong><\/h3>\n\n\n\n<h2 class=\"wp-block-heading\" style=\"font-size:22px\">\u201eRIVALEN \u2013 Fotografie vs. Promptografie\u201c <br>Vortrag und Diskussion mit Boris Eldagsen<\/h2>\n\n\n\n<p>Welchen St\u00e4rken der Fotografie k\u00f6nnen durch KI nicht ersetzt werden \u2013 und was kann die Promptografie, was Fotografie nicht kann? <strong>Boris Eldagsen<\/strong> pr\u00e4sentiert anhand zweier von ihm kuratierten Ausstellungen einen Werkzeugkasten, der es Fotografen und KI-K\u00fcnstlern erm\u00f6glicht, die Eigenheiten des jeweiligen Mediums besser zu erkennen.<\/p>\n\n\n\n<figure class=\"wp-block-image size-full\"><img loading=\"lazy\" decoding=\"async\" width=\"640\" height=\"426\" src=\"http:\/\/fototage.pirmasens.org\/wp-content\/uploads\/2025\/06\/BorisEldagsen.jpg\" alt=\"\" class=\"wp-image-1278\" srcset=\"https:\/\/fototage.pirmasens.org\/wp-content\/uploads\/2025\/06\/BorisEldagsen.jpg 640w, https:\/\/fototage.pirmasens.org\/wp-content\/uploads\/2025\/06\/BorisEldagsen-300x200.jpg 300w, https:\/\/fototage.pirmasens.org\/wp-content\/uploads\/2025\/06\/BorisEldagsen-288x192.jpg 288w\" sizes=\"auto, (max-width: 640px) 100vw, 640px\" \/><figcaption class=\"wp-element-caption\">\u00a9 Alex Schwandner<\/figcaption><\/figure>\n\n\n\n<div style=\"height:27px\" aria-hidden=\"true\" class=\"wp-block-spacer\"><\/div>\n\n\n\n<h3 class=\"wp-block-heading\">15.30 &#8211; 16.00 Uhr Pause<\/h3>\n\n\n\n<div style=\"height:27px\" aria-hidden=\"true\" class=\"wp-block-spacer\"><\/div>\n\n\n\n<h3 class=\"wp-block-heading has-white-color has-text-color has-background\" style=\"background-color:#106584\">16.00 &#8211; 18.00 Uhr <\/h3>\n\n\n\n<h2 class=\"wp-block-heading\" style=\"font-size:22px\">\u201eIsland 63\u00b066\u00b0N\u201c<br>Multivisionsshow von Stefan Erdmann<\/h2>\n\n\n\n<p>Eine bildgewaltige Filmreise auf der gr\u00f6\u00dften Vulkaninsel unseres Planeten. M\u00e4chtige Gletscher und aktive Vulkane, zahllose Wasserf\u00e4lle, farbenpr\u00e4chtige und bizarre Gebirgsformationen, endlose Weiten: Island \u2013 die gr\u00f6\u00dfte Vulkaninsel unseres Planeten.<\/p>\n\n\n\n<figure class=\"wp-block-image size-full\"><img loading=\"lazy\" decoding=\"async\" width=\"640\" height=\"425\" src=\"http:\/\/fototage.pirmasens.org\/wp-content\/uploads\/2025\/06\/StefanErdmann_Foto_web.jpg\" alt=\"\" class=\"wp-image-1291\" srcset=\"https:\/\/fototage.pirmasens.org\/wp-content\/uploads\/2025\/06\/StefanErdmann_Foto_web.jpg 640w, https:\/\/fototage.pirmasens.org\/wp-content\/uploads\/2025\/06\/StefanErdmann_Foto_web-300x199.jpg 300w, https:\/\/fototage.pirmasens.org\/wp-content\/uploads\/2025\/06\/StefanErdmann_Foto_web-289x192.jpg 289w\" sizes=\"auto, (max-width: 640px) 100vw, 640px\" \/><figcaption class=\"wp-element-caption\">\u00a9 Stefan Erdmann<\/figcaption><\/figure>\n\n\n\n<p>Ein Journalist hat \u00fcber dieses Live-Kino-Event geschrieben: \u201eStefan Erdmann hat aus dem Naturkunstwerk Island ein einzigartiges Film- und Musik-Erlebnis geschaffen. Eine Hommage an Island und unseren Planeten. Gebannt sitzt man da und lauscht den Kommentaren Erdmanns und kann kaum fassen, was auf der Leinwand zu sehen ist.\u201c<\/p>\n\n\n\n<p>Die Live-Kino-Events von Stefan Erdmann sind au\u00dfergew\u00f6hnlich und deutschlandweit bekannt. Die Besonderheit ist, dass der Naturfilmer seine Dokumentationen pers\u00f6nlich in bester Bild- und Tonqualit\u00e4t pr\u00e4sentiert. Er spricht live neben der Riesen-Leinwand zu seinen Filmaufnahmen.<\/p>\n\n\n\n<p>Stefan Erdmann berichtet von den Weiten und der Einsamkeit des isl\u00e4ndischen Hochlandes, von den vielen Besonderheiten entlang der Ringstra\u00dfe, von einem spektakul\u00e4ren Vulkanausbruch, den er mitten im nord\u00f6stlichen Hochland aus n\u00e4chster N\u00e4he erlebt hat, und von noch viel mehr. \u00dcber 30 Mal war Stefan Erdmann in Island unterwegs und hat die Insel in sagenhaften Momenten erlebt und aus allen nur denkbaren Perspektiven gefilmt.<\/p>\n\n\n\n<p>Er sagt: \u201eDie Sch\u00f6nheit, Vielfalt und Kraft der isl\u00e4ndischen Natur ist \u00fcberw\u00e4ltigend. F\u00fcr Tage ganz allein im Hochland unterwegs zu sein, mich inmitten dieser atemberaubenden Natur aufzuhalten, geh\u00f6rt zu den sch\u00f6nsten und elementarsten Erlebnissen in meinem Leben. Mein Ziel ist es, diese Eindr\u00fccke weiterzugeben und einen intensiven und emotionalen Vortrag zu pr\u00e4sentieren, der das Publikum fesselt, begeistert und zugleich informiert.\u201c<\/p>\n","protected":false},"excerpt":{"rendered":"<p>Tagesticket f\u00fcr Vortr\u00e4ge und Shows 10 bis 18 Uhr inkl. Besuch der Fotoausstellungen 25 \u20ac pro Tag Kombiticket f\u00fcr Vortr\u00e4ge und Shows 10 bis 18 Uhr inkl. Besuch der Fotoausstellungen 40 \u20ac f\u00fcr beide Tage ausschl. Besuch der Fotoausstellungen Erwachsene 6 \u20acerm\u00e4\u00dfigt 4 \u20ac Workshops individuell 9.30 &#8211; 13.30 Uhr Workshop \u201eFaszination Natur in Schwarz-Wei\u00df &hellip; <a href=\"https:\/\/fototage.pirmasens.org\/?page_id=992\" class=\"more-link\"><span class=\"screen-reader-text\">23. November 2025<\/span> weiterlesen<\/a><\/p>\n","protected":false},"author":4,"featured_media":0,"parent":0,"menu_order":0,"comment_status":"closed","ping_status":"closed","template":"page-templates\/full-width-page.php","meta":{"footnotes":""},"class_list":["post-992","page","type-page","status-publish","hentry"],"_links":{"self":[{"href":"https:\/\/fototage.pirmasens.org\/index.php?rest_route=\/wp\/v2\/pages\/992","targetHints":{"allow":["GET"]}}],"collection":[{"href":"https:\/\/fototage.pirmasens.org\/index.php?rest_route=\/wp\/v2\/pages"}],"about":[{"href":"https:\/\/fototage.pirmasens.org\/index.php?rest_route=\/wp\/v2\/types\/page"}],"author":[{"embeddable":true,"href":"https:\/\/fototage.pirmasens.org\/index.php?rest_route=\/wp\/v2\/users\/4"}],"replies":[{"embeddable":true,"href":"https:\/\/fototage.pirmasens.org\/index.php?rest_route=%2Fwp%2Fv2%2Fcomments&post=992"}],"version-history":[{"count":44,"href":"https:\/\/fototage.pirmasens.org\/index.php?rest_route=\/wp\/v2\/pages\/992\/revisions"}],"predecessor-version":[{"id":1646,"href":"https:\/\/fototage.pirmasens.org\/index.php?rest_route=\/wp\/v2\/pages\/992\/revisions\/1646"}],"wp:attachment":[{"href":"https:\/\/fototage.pirmasens.org\/index.php?rest_route=%2Fwp%2Fv2%2Fmedia&parent=992"}],"curies":[{"name":"wp","href":"https:\/\/api.w.org\/{rel}","templated":true}]}}