{"id":996,"date":"2022-10-13T05:51:19","date_gmt":"2022-10-13T05:51:19","guid":{"rendered":"http:\/\/fototage.pirmasens.org\/?page_id=996"},"modified":"2025-09-10T11:31:40","modified_gmt":"2025-09-10T11:31:40","slug":"locations-2023","status":"publish","type":"page","link":"https:\/\/fototage.pirmasens.org\/?page_id=996","title":{"rendered":"Ausstellungen"},"content":{"rendered":"\n<p class=\"has-medium-font-size\">Vom 21. bis 30. November sind im Forum ALTE POST zwei au\u00dfergew\u00f6hnliche Fotoausstellungen zu sehen: \u201eDie Bilderkriegerin\u201c mit Arbeiten der Fotojournalistin und Pulitzer-Preistr\u00e4gerin Anja Niedringhaus sowie \u201eFulfillment \u2013 Fotografie als Lebensaufgabe\u201c mit einer Auswahl an Bildern des bekannten Natur- und Tierfotografen Norbert Rosing.<\/p>\n\n\n\n<p class=\"has-medium-font-size\">Zeitgleich zeigt das St\u00e4dtische Krankenhaus Pirmasens die Ausstellung \u201eEuropa \u2013 Naturparadiese vor der Haust\u00fcr\u201d von Daniel Spohn, in der VR-Bank pr\u00e4sentieren Kai Rogler und Florian Sturm &#8222;Female Rangers Worldwide&#8220;.<\/p>\n\n\n\n<p><\/p>\n\n\n\n<p class=\"has-white-color has-text-color has-background has-medium-font-size\" style=\"background-color:#805ba9\"><strong>Anja Niedringhaus&nbsp; \u201eDie Bilderkriegerin\u201d<\/strong><\/p>\n\n\n\n<p><img loading=\"lazy\" decoding=\"async\" width=\"300\" height=\"400\" class=\"wp-image-1368\" style=\"width: 300px;\" src=\"http:\/\/fototage.pirmasens.org\/wp-content\/uploads\/2025\/06\/AnjaNiedringhaus.jpg\" alt=\"\" srcset=\"https:\/\/fototage.pirmasens.org\/wp-content\/uploads\/2025\/06\/AnjaNiedringhaus.jpg 1501w, https:\/\/fototage.pirmasens.org\/wp-content\/uploads\/2025\/06\/AnjaNiedringhaus-225x300.jpg 225w, https:\/\/fototage.pirmasens.org\/wp-content\/uploads\/2025\/06\/AnjaNiedringhaus-769x1024.jpg 769w, https:\/\/fototage.pirmasens.org\/wp-content\/uploads\/2025\/06\/AnjaNiedringhaus-768x1023.jpg 768w, https:\/\/fototage.pirmasens.org\/wp-content\/uploads\/2025\/06\/AnjaNiedringhaus-1153x1536.jpg 1153w, https:\/\/fototage.pirmasens.org\/wp-content\/uploads\/2025\/06\/AnjaNiedringhaus-648x863.jpg 648w, https:\/\/fototage.pirmasens.org\/wp-content\/uploads\/2025\/06\/AnjaNiedringhaus-144x192.jpg 144w\" sizes=\"auto, (max-width: 300px) 100vw, 300px\" \/>  Die mit dem Pulitzer-Preis ausgezeichnete Fotografin Anja Niedringhaus (1965-2014) begann ihre Karriere im Alter von 16 Jahren als freiberufliche Fotografin f\u00fcr eine Lokalzeitung in ihrer Heimatstadt H\u00f6xter. Nach dem Abitur studierte sie Germanistik, Philosophie und Publizistik in G\u00f6ttingen.<\/p>\n\n\n\n<p>W\u00e4hrend ihres Studiums arbeitete Niedringhaus als freie Fotografin f\u00fcr verschiedene Zeitungen und Zeitschriften. Zu den Ereignissen, \u00fcber die sie berichtete, geh\u00f6rte der Fall der Berliner Mauer, der 1990 zu einer Anstellung als Fotografin bei der European Press Photo Agency (EPA) in Frankfurt f\u00fchrte. Bei der EPA arbeitete sie bis 2001 als Chef-Fotografin, wobei sie einen Gro\u00dfteil ihrer Zeit auf die Berichterstattung \u00fcber den brutalen Konflikt im ehemaligen Jugoslawien verwendete.<\/p>\n\n\n\n<p>2002 wechselte sie als Fotografin zur Associated Press (AP). In den darauffolgenden Jahren hat Niedringhaus \u00fcber die meisten Konfliktregionen der Welt in Israel, Pal\u00e4stina, Irak, Afghanistan und Pakistan berichtet. Neben der Fotografie von Konflikten und politischen Krisen auf der ganzen Welt hat Niedringhaus auch \u00fcber die wichtigsten Sportereignisse der Welt berichtet, darunter neun Olympische Spiele.<\/p>\n\n\n\n<div class=\"wp-block-columns is-layout-flex wp-container-core-columns-is-layout-9d6595d7 wp-block-columns-is-layout-flex\">\n<div class=\"wp-block-column is-layout-flow wp-block-column-is-layout-flow\" style=\"flex-basis:33.34%\">\n<figure class=\"wp-block-image size-full\"><img loading=\"lazy\" decoding=\"async\" width=\"640\" height=\"467\" src=\"http:\/\/fototage.pirmasens.org\/wp-content\/uploads\/2025\/06\/Niedringhaus_Ausstellung2.jpg\" alt=\"\" class=\"wp-image-1526\" srcset=\"https:\/\/fototage.pirmasens.org\/wp-content\/uploads\/2025\/06\/Niedringhaus_Ausstellung2.jpg 640w, https:\/\/fototage.pirmasens.org\/wp-content\/uploads\/2025\/06\/Niedringhaus_Ausstellung2-300x219.jpg 300w, https:\/\/fototage.pirmasens.org\/wp-content\/uploads\/2025\/06\/Niedringhaus_Ausstellung2-330x240.jpg 330w, https:\/\/fototage.pirmasens.org\/wp-content\/uploads\/2025\/06\/Niedringhaus_Ausstellung2-263x192.jpg 263w\" sizes=\"auto, (max-width: 640px) 100vw, 640px\" \/><\/figure>\n<\/div>\n\n\n\n<div class=\"wp-block-column is-layout-flow wp-block-column-is-layout-flow\" style=\"flex-basis:33.34%\">\n<figure class=\"wp-block-image size-full\"><img loading=\"lazy\" decoding=\"async\" width=\"639\" height=\"443\" src=\"http:\/\/fototage.pirmasens.org\/wp-content\/uploads\/2025\/06\/Niedringhaus_Ausstellung3.jpg\" alt=\"\" class=\"wp-image-1527\" srcset=\"https:\/\/fototage.pirmasens.org\/wp-content\/uploads\/2025\/06\/Niedringhaus_Ausstellung3.jpg 639w, https:\/\/fototage.pirmasens.org\/wp-content\/uploads\/2025\/06\/Niedringhaus_Ausstellung3-300x208.jpg 300w, https:\/\/fototage.pirmasens.org\/wp-content\/uploads\/2025\/06\/Niedringhaus_Ausstellung3-277x192.jpg 277w\" sizes=\"auto, (max-width: 639px) 100vw, 639px\" \/><\/figure>\n<\/div>\n\n\n\n<div class=\"wp-block-column is-layout-flow wp-block-column-is-layout-flow\" style=\"flex-basis:33.33%\">\n<figure class=\"wp-block-image size-full\"><img loading=\"lazy\" decoding=\"async\" width=\"640\" height=\"430\" src=\"http:\/\/fototage.pirmasens.org\/wp-content\/uploads\/2025\/06\/Niedringhaus_Ausstellung4.jpg\" alt=\"\" class=\"wp-image-1523\" srcset=\"https:\/\/fototage.pirmasens.org\/wp-content\/uploads\/2025\/06\/Niedringhaus_Ausstellung4.jpg 640w, https:\/\/fototage.pirmasens.org\/wp-content\/uploads\/2025\/06\/Niedringhaus_Ausstellung4-300x202.jpg 300w, https:\/\/fototage.pirmasens.org\/wp-content\/uploads\/2025\/06\/Niedringhaus_Ausstellung4-286x192.jpg 286w\" sizes=\"auto, (max-width: 640px) 100vw, 640px\" \/><\/figure>\n<\/div>\n<\/div>\n\n\n\n<p class=\"has-text-align-center\">\u00a9 alle Bilder: picture alliance \/ ASSOCIATED PRESS<\/p>\n\n\n\n<p>Die international anerkannte Fotografin starb am 4. April 2014, als ein afghanischer Polizist in Banda Khel im Osten Afghanistans das Feuer auf ihr Auto er\u00f6ffnete. Niedringhaus (48) und ihre Kollegen waren in einem Konvoi von Wahlhelfern unterwegs, der von der afghanischen Armee und der afghanischen Polizei gesch\u00fctzt wurde.<\/p>\n\n\n\n<p>2005 gewannen Niedringhaus und ein Team von AP-Fotografen den Pulitzer-Preis in der Kategorie \u201dBreaking News\u201d f\u00fcr ihre Berichterstattung \u00fcber den Irak-Krieg. Im selben Jahr wurde Niedringhaus von der International Women\u2019s Media Foundation mit dem Courage in Journalism Award ausgezeichnet.<\/p>\n\n\n\n<p>Von 2006 bis 2007 erhielt Niedringhaus ein Nieman Fellowship f\u00fcr Journalismus an der Harvard University. Sie wurde mit zahlreichen Preisen ausgezeichnet. Dazu geh\u00f6ren u. a. Pictures of the Year International, BOP Best of Photojournalism, Clarion Awards, The Atlanta Photojournalism Seminar, Preistr\u00e4ger der \u201dGoldenen Feder\u201c Hamburg und Gewinner des \u201dAbisag Tuellmann\u201c-Preises f\u00fcr Reportagefotografie im Jahr 2011.<\/p>\n\n\n\n<div class=\"wp-block-columns is-layout-flex wp-container-core-columns-is-layout-9d6595d7 wp-block-columns-is-layout-flex\">\n<div class=\"wp-block-column is-layout-flow wp-block-column-is-layout-flow\" style=\"flex-basis:33.34%\">\n<figure class=\"wp-block-image size-full\"><img loading=\"lazy\" decoding=\"async\" width=\"640\" height=\"431\" src=\"http:\/\/fototage.pirmasens.org\/wp-content\/uploads\/2025\/06\/Niedringhaus_Ausstellung5.jpg\" alt=\"\" class=\"wp-image-1524\" srcset=\"https:\/\/fototage.pirmasens.org\/wp-content\/uploads\/2025\/06\/Niedringhaus_Ausstellung5.jpg 640w, https:\/\/fototage.pirmasens.org\/wp-content\/uploads\/2025\/06\/Niedringhaus_Ausstellung5-300x202.jpg 300w, https:\/\/fototage.pirmasens.org\/wp-content\/uploads\/2025\/06\/Niedringhaus_Ausstellung5-285x192.jpg 285w\" sizes=\"auto, (max-width: 640px) 100vw, 640px\" \/><\/figure>\n<\/div>\n\n\n\n<div class=\"wp-block-column is-layout-flow wp-block-column-is-layout-flow\" style=\"flex-basis:33.34%\">\n<figure class=\"wp-block-image size-full\"><img loading=\"lazy\" decoding=\"async\" width=\"640\" height=\"423\" src=\"http:\/\/fototage.pirmasens.org\/wp-content\/uploads\/2025\/06\/Niedringhaus_Ausstellung6.jpg\" alt=\"\" class=\"wp-image-1525\" srcset=\"https:\/\/fototage.pirmasens.org\/wp-content\/uploads\/2025\/06\/Niedringhaus_Ausstellung6.jpg 640w, https:\/\/fototage.pirmasens.org\/wp-content\/uploads\/2025\/06\/Niedringhaus_Ausstellung6-300x198.jpg 300w, https:\/\/fototage.pirmasens.org\/wp-content\/uploads\/2025\/06\/Niedringhaus_Ausstellung6-290x192.jpg 290w\" sizes=\"auto, (max-width: 640px) 100vw, 640px\" \/><\/figure>\n<\/div>\n\n\n\n<div class=\"wp-block-column is-layout-flow wp-block-column-is-layout-flow\" style=\"flex-basis:33.33%\">\n<figure class=\"wp-block-image size-full\"><img loading=\"lazy\" decoding=\"async\" width=\"639\" height=\"429\" src=\"http:\/\/fototage.pirmasens.org\/wp-content\/uploads\/2025\/06\/Niedringhaus_Ausstellung1.jpg\" alt=\"\" class=\"wp-image-1522\" srcset=\"https:\/\/fototage.pirmasens.org\/wp-content\/uploads\/2025\/06\/Niedringhaus_Ausstellung1.jpg 639w, https:\/\/fototage.pirmasens.org\/wp-content\/uploads\/2025\/06\/Niedringhaus_Ausstellung1-300x201.jpg 300w, https:\/\/fototage.pirmasens.org\/wp-content\/uploads\/2025\/06\/Niedringhaus_Ausstellung1-286x192.jpg 286w\" sizes=\"auto, (max-width: 639px) 100vw, 639px\" \/><\/figure>\n<\/div>\n<\/div>\n\n\n\n<p class=\"has-text-align-center\">\u00a9 alle Bilder: picture alliance \/ ASSOCIATED PRESS<\/p>\n\n\n\n<p>Niedringhaus\u2019 Arbeiten wurden in zahlreichen renommierten Kunsth\u00e4usern und Museen ausgestellt, darunter das Museum f\u00fcr Moderne Kunst in Frankfurt, die C\/O-Galerie in Berlin, die Kunstsammlung der Deutschen B\u00f6rse in Frankfurt, das Museum of Fine Arts in Houston\/Texas sowie in Museen und Galerien in den Vereinigten Staaten, London, \u00d6sterreich, der Schweiz und Kanada.<\/p>\n\n\n\n<p>Anja Niedringhaus hat zwei B\u00fccher ver\u00f6ffentlicht: 2001 \u201eFotografien\u201c (Museum f\u00fcr Moderne Kunst, Frankfurt) und 2011 \u201eAt War\u201c (Hatje Cantz, Ostfildern).<\/p>\n\n\n\n<div style=\"height:30px\" aria-hidden=\"true\" class=\"wp-block-spacer\"><\/div>\n\n\n\n<p class=\"has-white-color has-text-color has-background has-medium-font-size\" style=\"background-color:#805ba9\"><strong>Norbert Rosing&nbsp; \u201eFulfillment \u2013 Fotografie als Lebensaufgabe\u201d<\/strong><\/p>\n\n\n\n<p><img loading=\"lazy\" decoding=\"async\" width=\"250\" height=\"170\" class=\"wp-image-1288\" style=\"width: 250px;\" src=\"http:\/\/fototage.pirmasens.org\/wp-content\/uploads\/2025\/06\/NorbertRosing.jpg\" alt=\"\" srcset=\"https:\/\/fototage.pirmasens.org\/wp-content\/uploads\/2025\/06\/NorbertRosing.jpg 640w, https:\/\/fototage.pirmasens.org\/wp-content\/uploads\/2025\/06\/NorbertRosing-300x203.jpg 300w, https:\/\/fototage.pirmasens.org\/wp-content\/uploads\/2025\/06\/NorbertRosing-283x192.jpg 283w\" sizes=\"auto, (max-width: 250px) 100vw, 250px\" \/>  Die Wurzeln f\u00fcr Norbert Rosings gro\u00dfe und nun fast \u00fcber drei Jahrzehnte dauernde Geschichte \u201dIm Reich der Eisb\u00e4ren\u201d wurden im Fr\u00fchjahr 1988 gelegt. Seither wurde das arktische Thema sein Hobby, seine Leidenschaft, sein Leben. \u00dcber f\u00fcnfzig Reisen f\u00fchrte er in den kanadischen Norden durch, immer dicht an den Wundern dieser atemberaubenden Welt. Die Reisen f\u00fchrten nicht nur nach Kanada, sondern auch nach Spitzbergen und Gr\u00f6nland. Zeitschriften wie GEO und National Geographic druckten seine Bilder.<\/p>\n\n\n\n<p>Intensiv fotografiert Norbert Rosing aber auch sein Heimatland Deutschland. Ein weiterer Arbeitsschwerpunkt sind die weiten Landschaften der USA, speziell vom Yellowstone Nationalpark bis zu den eindrucksvollen Landschaften im S\u00fcdwesten.<\/p>\n\n\n\n<p>Er gewann internationale Preise und seine Vortr\u00e4ge \u00fcber die Arktis und Deutschland sahen tausende begeisterte Zuschauer. Inzwischen hat Norbert Rosing mehr als 20 Bildb\u00e4nde ver\u00f6ffentlicht. Von den Motiven aus dem Projekt \u201dWildes Deutschland\u201c wurden vom Bundesministerium der Finanzen bisher neun Briefmarken ver\u00f6ffentlicht. Sein Buch \u201eWildes Deutschland\u201c (2007), das bei National Geographic verlegt wurde, wurde ein Bestseller. Im Herbst 2017 erschien das Buch \u201eMein Wildes Deutschland\u201c im gleichen Verlag.<\/p>\n\n\n\n<div class=\"wp-block-columns is-layout-flex wp-container-core-columns-is-layout-9d6595d7 wp-block-columns-is-layout-flex\">\n<div class=\"wp-block-column is-layout-flow wp-block-column-is-layout-flow\" style=\"flex-basis:25%\">\n<figure class=\"wp-block-image size-full\"><img loading=\"lazy\" decoding=\"async\" width=\"1000\" height=\"677\" src=\"http:\/\/fototage.pirmasens.org\/wp-content\/uploads\/2025\/06\/Rosing_Ausstellung1.jpg\" alt=\"\" class=\"wp-image-1397\" srcset=\"https:\/\/fototage.pirmasens.org\/wp-content\/uploads\/2025\/06\/Rosing_Ausstellung1.jpg 1000w, https:\/\/fototage.pirmasens.org\/wp-content\/uploads\/2025\/06\/Rosing_Ausstellung1-300x203.jpg 300w, https:\/\/fototage.pirmasens.org\/wp-content\/uploads\/2025\/06\/Rosing_Ausstellung1-768x520.jpg 768w, https:\/\/fototage.pirmasens.org\/wp-content\/uploads\/2025\/06\/Rosing_Ausstellung1-648x439.jpg 648w, https:\/\/fototage.pirmasens.org\/wp-content\/uploads\/2025\/06\/Rosing_Ausstellung1-284x192.jpg 284w\" sizes=\"auto, (max-width: 1000px) 100vw, 1000px\" \/><\/figure>\n<\/div>\n\n\n\n<div class=\"wp-block-column is-layout-flow wp-block-column-is-layout-flow\" style=\"flex-basis:25%\">\n<figure class=\"wp-block-image size-full\"><img loading=\"lazy\" decoding=\"async\" width=\"1000\" height=\"666\" src=\"http:\/\/fototage.pirmasens.org\/wp-content\/uploads\/2025\/06\/Rosing_Ausstellung3.jpg\" alt=\"\" class=\"wp-image-1391\" srcset=\"https:\/\/fototage.pirmasens.org\/wp-content\/uploads\/2025\/06\/Rosing_Ausstellung3.jpg 1000w, https:\/\/fototage.pirmasens.org\/wp-content\/uploads\/2025\/06\/Rosing_Ausstellung3-300x200.jpg 300w, https:\/\/fototage.pirmasens.org\/wp-content\/uploads\/2025\/06\/Rosing_Ausstellung3-768x511.jpg 768w, https:\/\/fototage.pirmasens.org\/wp-content\/uploads\/2025\/06\/Rosing_Ausstellung3-648x432.jpg 648w, https:\/\/fototage.pirmasens.org\/wp-content\/uploads\/2025\/06\/Rosing_Ausstellung3-288x192.jpg 288w\" sizes=\"auto, (max-width: 1000px) 100vw, 1000px\" \/><\/figure>\n<\/div>\n\n\n\n<div class=\"wp-block-column is-layout-flow wp-block-column-is-layout-flow\" style=\"flex-basis:25%\">\n<figure class=\"wp-block-image size-full\"><img loading=\"lazy\" decoding=\"async\" width=\"1000\" height=\"679\" src=\"http:\/\/fototage.pirmasens.org\/wp-content\/uploads\/2025\/06\/Rosing_Ausstellung8.jpg\" alt=\"\" class=\"wp-image-1396\" srcset=\"https:\/\/fototage.pirmasens.org\/wp-content\/uploads\/2025\/06\/Rosing_Ausstellung8.jpg 1000w, https:\/\/fototage.pirmasens.org\/wp-content\/uploads\/2025\/06\/Rosing_Ausstellung8-300x204.jpg 300w, https:\/\/fototage.pirmasens.org\/wp-content\/uploads\/2025\/06\/Rosing_Ausstellung8-768x521.jpg 768w, https:\/\/fototage.pirmasens.org\/wp-content\/uploads\/2025\/06\/Rosing_Ausstellung8-648x440.jpg 648w, https:\/\/fototage.pirmasens.org\/wp-content\/uploads\/2025\/06\/Rosing_Ausstellung8-283x192.jpg 283w\" sizes=\"auto, (max-width: 1000px) 100vw, 1000px\" \/><\/figure>\n<\/div>\n\n\n\n<div class=\"wp-block-column is-layout-flow wp-block-column-is-layout-flow\" style=\"flex-basis:25%\">\n<figure class=\"wp-block-image size-full\"><img loading=\"lazy\" decoding=\"async\" width=\"1000\" height=\"655\" src=\"http:\/\/fototage.pirmasens.org\/wp-content\/uploads\/2025\/06\/Rosing_Ausstellung7.jpg\" alt=\"\" class=\"wp-image-1395\" srcset=\"https:\/\/fototage.pirmasens.org\/wp-content\/uploads\/2025\/06\/Rosing_Ausstellung7.jpg 1000w, https:\/\/fototage.pirmasens.org\/wp-content\/uploads\/2025\/06\/Rosing_Ausstellung7-300x197.jpg 300w, https:\/\/fototage.pirmasens.org\/wp-content\/uploads\/2025\/06\/Rosing_Ausstellung7-768x503.jpg 768w, https:\/\/fototage.pirmasens.org\/wp-content\/uploads\/2025\/06\/Rosing_Ausstellung7-648x424.jpg 648w, https:\/\/fototage.pirmasens.org\/wp-content\/uploads\/2025\/06\/Rosing_Ausstellung7-293x192.jpg 293w\" sizes=\"auto, (max-width: 1000px) 100vw, 1000px\" \/><\/figure>\n<\/div>\n<\/div>\n\n\n\n<div class=\"wp-block-columns is-layout-flex wp-container-core-columns-is-layout-9d6595d7 wp-block-columns-is-layout-flex\">\n<div class=\"wp-block-column is-layout-flow wp-block-column-is-layout-flow\" style=\"flex-basis:25%\">\n<figure class=\"wp-block-image size-full\"><img loading=\"lazy\" decoding=\"async\" width=\"1000\" height=\"673\" src=\"http:\/\/fototage.pirmasens.org\/wp-content\/uploads\/2025\/06\/Rosing_Ausstellung5.jpg\" alt=\"\" class=\"wp-image-1393\" srcset=\"https:\/\/fototage.pirmasens.org\/wp-content\/uploads\/2025\/06\/Rosing_Ausstellung5.jpg 1000w, https:\/\/fototage.pirmasens.org\/wp-content\/uploads\/2025\/06\/Rosing_Ausstellung5-300x202.jpg 300w, https:\/\/fototage.pirmasens.org\/wp-content\/uploads\/2025\/06\/Rosing_Ausstellung5-768x517.jpg 768w, https:\/\/fototage.pirmasens.org\/wp-content\/uploads\/2025\/06\/Rosing_Ausstellung5-648x436.jpg 648w, https:\/\/fototage.pirmasens.org\/wp-content\/uploads\/2025\/06\/Rosing_Ausstellung5-285x192.jpg 285w\" sizes=\"auto, (max-width: 1000px) 100vw, 1000px\" \/><\/figure>\n<\/div>\n\n\n\n<div class=\"wp-block-column is-layout-flow wp-block-column-is-layout-flow\" style=\"flex-basis:25%\">\n<figure class=\"wp-block-image size-full\"><img loading=\"lazy\" decoding=\"async\" width=\"1000\" height=\"676\" src=\"http:\/\/fototage.pirmasens.org\/wp-content\/uploads\/2025\/06\/Rosing_Ausstellung6.jpg\" alt=\"\" class=\"wp-image-1394\" srcset=\"https:\/\/fototage.pirmasens.org\/wp-content\/uploads\/2025\/06\/Rosing_Ausstellung6.jpg 1000w, https:\/\/fototage.pirmasens.org\/wp-content\/uploads\/2025\/06\/Rosing_Ausstellung6-300x203.jpg 300w, https:\/\/fototage.pirmasens.org\/wp-content\/uploads\/2025\/06\/Rosing_Ausstellung6-768x519.jpg 768w, https:\/\/fototage.pirmasens.org\/wp-content\/uploads\/2025\/06\/Rosing_Ausstellung6-648x438.jpg 648w, https:\/\/fototage.pirmasens.org\/wp-content\/uploads\/2025\/06\/Rosing_Ausstellung6-284x192.jpg 284w\" sizes=\"auto, (max-width: 1000px) 100vw, 1000px\" \/><\/figure>\n<\/div>\n\n\n\n<div class=\"wp-block-column is-layout-flow wp-block-column-is-layout-flow\" style=\"flex-basis:25%\">\n<figure class=\"wp-block-image size-full\"><img loading=\"lazy\" decoding=\"async\" width=\"1000\" height=\"662\" src=\"http:\/\/fototage.pirmasens.org\/wp-content\/uploads\/2025\/06\/Rosing_Ausstellung4.jpg\" alt=\"\" class=\"wp-image-1392\" srcset=\"https:\/\/fototage.pirmasens.org\/wp-content\/uploads\/2025\/06\/Rosing_Ausstellung4.jpg 1000w, https:\/\/fototage.pirmasens.org\/wp-content\/uploads\/2025\/06\/Rosing_Ausstellung4-300x199.jpg 300w, https:\/\/fototage.pirmasens.org\/wp-content\/uploads\/2025\/06\/Rosing_Ausstellung4-768x508.jpg 768w, https:\/\/fototage.pirmasens.org\/wp-content\/uploads\/2025\/06\/Rosing_Ausstellung4-648x429.jpg 648w, https:\/\/fototage.pirmasens.org\/wp-content\/uploads\/2025\/06\/Rosing_Ausstellung4-290x192.jpg 290w\" sizes=\"auto, (max-width: 1000px) 100vw, 1000px\" \/><\/figure>\n<\/div>\n\n\n\n<div class=\"wp-block-column is-layout-flow wp-block-column-is-layout-flow\" style=\"flex-basis:25%\">\n<figure class=\"wp-block-image size-full\"><img loading=\"lazy\" decoding=\"async\" width=\"1000\" height=\"659\" src=\"http:\/\/fototage.pirmasens.org\/wp-content\/uploads\/2025\/06\/Rosing_Ausstellung2.jpg\" alt=\"\" class=\"wp-image-1398\" srcset=\"https:\/\/fototage.pirmasens.org\/wp-content\/uploads\/2025\/06\/Rosing_Ausstellung2.jpg 1000w, https:\/\/fototage.pirmasens.org\/wp-content\/uploads\/2025\/06\/Rosing_Ausstellung2-300x198.jpg 300w, https:\/\/fototage.pirmasens.org\/wp-content\/uploads\/2025\/06\/Rosing_Ausstellung2-768x506.jpg 768w, https:\/\/fototage.pirmasens.org\/wp-content\/uploads\/2025\/06\/Rosing_Ausstellung2-648x427.jpg 648w, https:\/\/fototage.pirmasens.org\/wp-content\/uploads\/2025\/06\/Rosing_Ausstellung2-291x192.jpg 291w\" sizes=\"auto, (max-width: 1000px) 100vw, 1000px\" \/><\/figure>\n<\/div>\n<\/div>\n\n\n\n<p class=\"has-text-align-center\">\u00a9 alle Bilder: Norbert Rosing<\/p>\n\n\n\n<div style=\"height:30px\" aria-hidden=\"true\" class=\"wp-block-spacer\"><\/div>\n\n\n\n<p class=\"has-white-color has-text-color has-background has-medium-font-size\" style=\"background-color:#805ba9\"><strong>Daniel Spohn&nbsp; \u201eEuropa <strong>\u2013 Naturparadiese vor der Haust\u00fcr<\/strong>\u201d<\/strong><\/p>\n\n\n\n<p><img loading=\"lazy\" decoding=\"async\" width=\"250\" height=\"188\" class=\"wp-image-1601\" style=\"width: 250px;\" src=\"http:\/\/fototage.pirmasens.org\/wp-content\/uploads\/2025\/09\/Spohn_Portrait.jpg\" alt=\"\" srcset=\"https:\/\/fototage.pirmasens.org\/wp-content\/uploads\/2025\/09\/Spohn_Portrait.jpg 640w, https:\/\/fototage.pirmasens.org\/wp-content\/uploads\/2025\/09\/Spohn_Portrait-300x225.jpg 300w, https:\/\/fototage.pirmasens.org\/wp-content\/uploads\/2025\/09\/Spohn_Portrait-256x192.jpg 256w\" sizes=\"auto, (max-width: 250px) 100vw, 250px\" \/> Daniel Spohn, Jahrgang 1981, ist als Fotograf und Biologe weltweit auf der Suche nach einzigartigen und spannenden Geschichten. Ob Afrika, Australien oder der Polarkreis, seine Vorliebe f\u00fcr atemberaubende Landschaften, beeindruckende Tierwelt sowie noch intakte, h\u00e4ufig jedoch bedrohte Natur zieht ihn immer wieder in die abgeschiedenen Regionen unserer Erde. Um das perfekte Motiv zu finden, ist er oft monatelang mit modernster Fotoausr\u00fcstung und raffinierter Aufnahmetechnik in der ganzen Welt unterwegs.<\/p>\n\n\n\n<p>Im St\u00e4dtischen Krankenhaus Pirmasens pr\u00e4sentiert er die \u201dWildnis vor der Haust\u00fcr\u201d, die Biosph\u00e4renreservate und Naturparks in Deutschland und Europa.<\/p>\n\n\n\n<p>Als Biologe gibt er heute Arten- und Naturschutzprojekten eine Stimme.<\/p>\n\n\n\n<figure class=\"wp-block-gallery has-nested-images columns-default is-cropped wp-block-gallery-1 is-layout-flex wp-block-gallery-is-layout-flex\">\n<figure class=\"wp-block-image size-large\"><img loading=\"lazy\" decoding=\"async\" width=\"638\" height=\"424\" data-id=\"1608\" src=\"https:\/\/fototage.pirmasens.org\/wp-content\/uploads\/2025\/09\/Spohn_Ausstellung1.jpg\" alt=\"\" class=\"wp-image-1608\" srcset=\"https:\/\/fototage.pirmasens.org\/wp-content\/uploads\/2025\/09\/Spohn_Ausstellung1.jpg 638w, https:\/\/fototage.pirmasens.org\/wp-content\/uploads\/2025\/09\/Spohn_Ausstellung1-300x199.jpg 300w, https:\/\/fototage.pirmasens.org\/wp-content\/uploads\/2025\/09\/Spohn_Ausstellung1-289x192.jpg 289w\" sizes=\"auto, (max-width: 638px) 100vw, 638px\" \/><\/figure>\n\n\n\n<figure class=\"wp-block-image size-large\"><img loading=\"lazy\" decoding=\"async\" width=\"640\" height=\"428\" data-id=\"1602\" src=\"https:\/\/fototage.pirmasens.org\/wp-content\/uploads\/2025\/09\/Spohn_Ausstellung.jpg\" alt=\"\" class=\"wp-image-1602\" srcset=\"https:\/\/fototage.pirmasens.org\/wp-content\/uploads\/2025\/09\/Spohn_Ausstellung.jpg 640w, https:\/\/fototage.pirmasens.org\/wp-content\/uploads\/2025\/09\/Spohn_Ausstellung-300x201.jpg 300w, https:\/\/fototage.pirmasens.org\/wp-content\/uploads\/2025\/09\/Spohn_Ausstellung-287x192.jpg 287w\" sizes=\"auto, (max-width: 640px) 100vw, 640px\" \/><\/figure>\n<\/figure>\n\n\n\n<p class=\"has-text-align-center\">\u00a9 alle Bilder: Daniel Spohn<\/p>\n\n\n\n<div style=\"height:30px\" aria-hidden=\"true\" class=\"wp-block-spacer\"><\/div>\n\n\n\n<p class=\"has-text-align-left has-white-color has-vivid-purple-background-color has-text-color has-background has-link-color has-medium-font-size wp-elements-feec282b2117e755e94cc03195205f5f\"><strong>Kai Rogler\/Florian Sturm&nbsp; \u201eFemale Rangers Worldwide\u201d<\/strong><\/p>\n\n\n\n<p><img loading=\"lazy\" decoding=\"async\" width=\"250\" height=\"165\" class=\"wp-image-1605\" style=\"width: 250px;\" src=\"http:\/\/fototage.pirmasens.org\/wp-content\/uploads\/2025\/09\/Rogler_Portrait.jpg\" alt=\"\" srcset=\"https:\/\/fototage.pirmasens.org\/wp-content\/uploads\/2025\/09\/Rogler_Portrait.jpg 640w, https:\/\/fototage.pirmasens.org\/wp-content\/uploads\/2025\/09\/Rogler_Portrait-300x198.jpg 300w, https:\/\/fototage.pirmasens.org\/wp-content\/uploads\/2025\/09\/Rogler_Portrait-290x192.jpg 290w\" sizes=\"auto, (max-width: 250px) 100vw, 250px\" \/> Der Fotograf Kai Rogler und der Wissenschaftsjournalist Florian Sturm arbeiten gemeinsam an einem internationalen Projekt zum Thema \u201eWeibliche Ranger im Einsatz gegen Wilderei, f\u00fcr den Naturschutz und die Stabilisierung unserer \u00d6kosysteme\u201d. Dazu haben sie umfassende Reportagen und Portr\u00e4ts \u00fcber Ranger-Einheiten auf verschiedenen Kontinenten erstellt, in denen Frauen eine zentrale Rolle spielen. Ziel ist es, das komplexe Berufsbild und die immense Bedeutung von Wildh\u00fctern f\u00fcr unseren Planeten in den Fokus zu r\u00fccken.<\/p>\n\n\n\n<p>Die Ausstellung \u201eFemale Rangers Worldwide&#8220; ist in der VR-Bank zu sehen.<\/p>\n\n\n\n<p>Kai Rogler ist seit 2011 freiberuflicher Fotograf und in diesem Jahr erstmals k\u00fcnstlerischer Leiter der Pirmasenser FOTOTAGEkompakt.<\/p>\n\n\n\n<p>Florian Sturm arbeitet als freier Journalist f\u00fcr zahlreiche Magazine im In- und Ausland. Er verfasst Reportagen, Portr\u00e4ts und Interviews f\u00fcr Medienmarken wie Stern, Focus, Greenpeace Magazin (CH), The Guardian, BBC Wildlife Magazine, National Geographic (US, UK, DE) und zahlreiche weitere. 2023 erschien sein Buch \u201eEin Leben f\u00fcr den Ozean\u201c, in dem er f\u00fcr den Meeresschutz sensibilisiert. F\u00fcr seine Arbeiten wurde Florian mehrfach ausgezeichnet, zuletzt 2025 mit dem Peter Hans Hofschneider-Recherchepreis f\u00fcr Wissenschafts- und Medizinjournalismus.<\/p>\n\n\n\n<p><\/p>\n\n\n\n<figure class=\"wp-block-gallery has-nested-images columns-default is-cropped wp-block-gallery-2 is-layout-flex wp-block-gallery-is-layout-flex\">\n<figure class=\"wp-block-image size-large\"><img loading=\"lazy\" decoding=\"async\" width=\"639\" height=\"425\" data-id=\"1603\" src=\"https:\/\/fototage.pirmasens.org\/wp-content\/uploads\/2025\/09\/Rogler_Ausstellung.jpg\" alt=\"\" class=\"wp-image-1603\" srcset=\"https:\/\/fototage.pirmasens.org\/wp-content\/uploads\/2025\/09\/Rogler_Ausstellung.jpg 639w, https:\/\/fototage.pirmasens.org\/wp-content\/uploads\/2025\/09\/Rogler_Ausstellung-300x200.jpg 300w, https:\/\/fototage.pirmasens.org\/wp-content\/uploads\/2025\/09\/Rogler_Ausstellung-289x192.jpg 289w\" sizes=\"auto, (max-width: 639px) 100vw, 639px\" \/><\/figure>\n\n\n\n<figure class=\"wp-block-image size-large\"><img loading=\"lazy\" decoding=\"async\" width=\"639\" height=\"427\" data-id=\"1604\" src=\"https:\/\/fototage.pirmasens.org\/wp-content\/uploads\/2025\/09\/Rogler_Ausstellung2.jpg\" alt=\"\" class=\"wp-image-1604\" srcset=\"https:\/\/fototage.pirmasens.org\/wp-content\/uploads\/2025\/09\/Rogler_Ausstellung2.jpg 639w, https:\/\/fototage.pirmasens.org\/wp-content\/uploads\/2025\/09\/Rogler_Ausstellung2-300x200.jpg 300w, https:\/\/fototage.pirmasens.org\/wp-content\/uploads\/2025\/09\/Rogler_Ausstellung2-287x192.jpg 287w\" sizes=\"auto, (max-width: 639px) 100vw, 639px\" \/><\/figure>\n<\/figure>\n\n\n\n<p class=\"has-text-align-center\">\u00a9 alle Bilder: Kai Rogler<\/p>\n\n\n\n<div style=\"height:99px\" aria-hidden=\"true\" class=\"wp-block-spacer\"><\/div>\n\n\n\n<p><strong>Forum ALTE POST<\/strong><br><strong>Adresse<\/strong>: Poststra\u00dfe 2, Pirmasens<br><img loading=\"lazy\" decoding=\"async\" width=\"300\" height=\"194\" class=\"wp-image-75\" style=\"width: 300px;\" src=\"http:\/\/fototage.pirmasens.org\/wp-content\/uploads\/2019\/03\/FAP_Kr\u00f6her.jpg\" alt=\"\" srcset=\"https:\/\/fototage.pirmasens.org\/wp-content\/uploads\/2019\/03\/FAP_Kr\u00f6her.jpg 1999w, https:\/\/fototage.pirmasens.org\/wp-content\/uploads\/2019\/03\/FAP_Kr\u00f6her-300x194.jpg 300w, https:\/\/fototage.pirmasens.org\/wp-content\/uploads\/2019\/03\/FAP_Kr\u00f6her-768x498.jpg 768w, https:\/\/fototage.pirmasens.org\/wp-content\/uploads\/2019\/03\/FAP_Kr\u00f6her-1024x664.jpg 1024w, https:\/\/fototage.pirmasens.org\/wp-content\/uploads\/2019\/03\/FAP_Kr\u00f6her-648x420.jpg 648w, https:\/\/fototage.pirmasens.org\/wp-content\/uploads\/2019\/03\/FAP_Kr\u00f6her-296x192.jpg 296w\" sizes=\"auto, (max-width: 300px) 100vw, 300px\" \/><br><strong>\u00d6ffnungszeiten<\/strong>: <br>Mittwoch bis Sonntag: 11.00 &#8211; 17.00 Uhr<\/p>\n\n\n\n<div style=\"height:20px\" aria-hidden=\"true\" class=\"wp-block-spacer\"><\/div>\n\n\n\n<p><strong>VR-Bank S\u00fcdwestpfalz<br>Adresse<\/strong>: Alleestra\u00dfe 2, Pirmasens<br><img loading=\"lazy\" decoding=\"async\" width=\"300\" height=\"199\" class=\"wp-image-363\" style=\"width: 300px;\" src=\"http:\/\/fototage.pirmasens.org\/wp-content\/uploads\/2019\/05\/Location_VR-Bank.jpg\" alt=\"\" srcset=\"https:\/\/fototage.pirmasens.org\/wp-content\/uploads\/2019\/05\/Location_VR-Bank.jpg 500w, https:\/\/fototage.pirmasens.org\/wp-content\/uploads\/2019\/05\/Location_VR-Bank-300x199.jpg 300w, https:\/\/fototage.pirmasens.org\/wp-content\/uploads\/2019\/05\/Location_VR-Bank-289x192.jpg 289w\" sizes=\"auto, (max-width: 300px) 100vw, 300px\" \/><br><strong>\u00d6ffnungszeiten:<\/strong><br>Montag bis Mittwoch: 8.15 &#8211; 12.15 Uhr | 13.30 &#8211; 17.00 Uhr<br>Donnerstag: 8.15 &#8211; 12.15 Uhr | 13.30 &#8211; 18.00 Uhr<br>Freitag: 8.15 &#8211; 13.00 Uhr<\/p>\n\n\n\n<div style=\"height:20px\" aria-hidden=\"true\" class=\"wp-block-spacer\"><\/div>\n\n\n\n<p><strong>St\u00e4dtisches Krankenhaus Pirmasens<br>Adresse: <\/strong>Pettenkoferstra\u00dfe 22, Pirmasens<br><img loading=\"lazy\" decoding=\"async\" width=\"300\" height=\"183\" class=\"wp-image-364\" style=\"width: 300px;\" src=\"http:\/\/fototage.pirmasens.org\/wp-content\/uploads\/2019\/05\/Location_Krankenhaus-Pirmasens.jpg\" alt=\"\" srcset=\"https:\/\/fototage.pirmasens.org\/wp-content\/uploads\/2019\/05\/Location_Krankenhaus-Pirmasens.jpg 2835w, https:\/\/fototage.pirmasens.org\/wp-content\/uploads\/2019\/05\/Location_Krankenhaus-Pirmasens-300x183.jpg 300w, https:\/\/fototage.pirmasens.org\/wp-content\/uploads\/2019\/05\/Location_Krankenhaus-Pirmasens-768x469.jpg 768w, https:\/\/fototage.pirmasens.org\/wp-content\/uploads\/2019\/05\/Location_Krankenhaus-Pirmasens-1024x626.jpg 1024w, https:\/\/fototage.pirmasens.org\/wp-content\/uploads\/2019\/05\/Location_Krankenhaus-Pirmasens-648x396.jpg 648w, https:\/\/fototage.pirmasens.org\/wp-content\/uploads\/2019\/05\/Location_Krankenhaus-Pirmasens-314x192.jpg 314w\" sizes=\"auto, (max-width: 300px) 100vw, 300px\" \/><br><strong>\u00d6ffnungszeiten:<\/strong><br>Montag bis Sonntag: 8.00 &#8211; 21.00 Uhr<\/p>\n\n\n\n<p><br><\/p>\n\n\n\n<p><\/p>\n","protected":false},"excerpt":{"rendered":"<p>Vom 21. bis 30. November sind im Forum ALTE POST zwei au\u00dfergew\u00f6hnliche Fotoausstellungen zu sehen: \u201eDie Bilderkriegerin\u201c mit Arbeiten der Fotojournalistin und Pulitzer-Preistr\u00e4gerin Anja Niedringhaus sowie \u201eFulfillment \u2013 Fotografie als Lebensaufgabe\u201c mit einer Auswahl an Bildern des bekannten Natur- und Tierfotografen Norbert Rosing. Zeitgleich zeigt das St\u00e4dtische Krankenhaus Pirmasens die Ausstellung \u201eEuropa \u2013 Naturparadiese vor &hellip; <a href=\"https:\/\/fototage.pirmasens.org\/?page_id=996\" class=\"more-link\"><span class=\"screen-reader-text\">Ausstellungen<\/span> weiterlesen<\/a><\/p>\n","protected":false},"author":4,"featured_media":0,"parent":0,"menu_order":0,"comment_status":"closed","ping_status":"closed","template":"page-templates\/full-width-page.php","meta":{"footnotes":""},"class_list":["post-996","page","type-page","status-publish","hentry"],"_links":{"self":[{"href":"https:\/\/fototage.pirmasens.org\/index.php?rest_route=\/wp\/v2\/pages\/996","targetHints":{"allow":["GET"]}}],"collection":[{"href":"https:\/\/fototage.pirmasens.org\/index.php?rest_route=\/wp\/v2\/pages"}],"about":[{"href":"https:\/\/fototage.pirmasens.org\/index.php?rest_route=\/wp\/v2\/types\/page"}],"author":[{"embeddable":true,"href":"https:\/\/fototage.pirmasens.org\/index.php?rest_route=\/wp\/v2\/users\/4"}],"replies":[{"embeddable":true,"href":"https:\/\/fototage.pirmasens.org\/index.php?rest_route=%2Fwp%2Fv2%2Fcomments&post=996"}],"version-history":[{"count":33,"href":"https:\/\/fototage.pirmasens.org\/index.php?rest_route=\/wp\/v2\/pages\/996\/revisions"}],"predecessor-version":[{"id":1616,"href":"https:\/\/fototage.pirmasens.org\/index.php?rest_route=\/wp\/v2\/pages\/996\/revisions\/1616"}],"wp:attachment":[{"href":"https:\/\/fototage.pirmasens.org\/index.php?rest_route=%2Fwp%2Fv2%2Fmedia&parent=996"}],"curies":[{"name":"wp","href":"https:\/\/api.w.org\/{rel}","templated":true}]}}